{"id":809,"date":"2019-08-21T11:46:25","date_gmt":"2019-08-21T09:46:25","guid":{"rendered":"http:\/\/rumex.mendelu.cz\/atlasposkozenidrevin\/?page_id=809"},"modified":"2024-11-06T13:35:32","modified_gmt":"2024-11-06T12:35:32","slug":"ochmet-evropsky","status":"publish","type":"page","link":"https:\/\/rumex.mendelu.cz\/atlasposkozenidrevin\/index.php\/ochmet-evropsky\/","title":{"rendered":"ochmet evropsk\u00fd"},"content":{"rendered":"\n<p style=\"text-align:left\" class=\"has-medium-font-size\"><strong><em>Loranthus europaeus<\/em><\/strong><strong> Jacg. <\/strong><\/p>\n\n\n\n<p><strong>HOSTITELSK\u00c9 D\u0158EVINY:<\/strong> duby (<em>Quercus <\/em>spp.), ka\u0161tanovn\u00edk (<em>Castanea<\/em> spp.).<\/p>\n\n\n\n<p><strong>SYMPTOMY A BIONOMIE: <\/strong>opadav\u00fd ke\u0159\u00edk, bohat\u011b v\u011btven\u00fd, m\u00e1 tuh\u00e9, ko\u017eovit\u00e9 listy, podlouhle ov\u00e1ln\u00e9ho tvaru, celokrajn\u00e9,  je dvoudom\u00fd, sam\u010d\u00ed kv\u011bty m\u00e1 v hroznech a sami\u010d\u00ed v kr\u00e1tk\u00fdch klasech, jsou \u017elutozelen\u00e9, plody jsou \u017elut\u00e9 bobule, obsahuj\u00edc\u00ed po\u00a0 jednom semeni obalen\u00e9 \u017elutou, lepkavou hmotou, z p\u0159ichycen\u00e9ho semene kl\u00ed\u010d\u00ed prim\u00e1rn\u00ed rhizoidy, kter\u00fdmi z hostitele z\u00edsk\u00e1v\u00e1  vodu a \u017eiviny, v m\u00edst\u011b vyr\u016fst\u00e1n\u00ed doch\u00e1z\u00ed ke zdu\u0159en\u00ed pletiv hostitele.<\/p>\n\n\n\n<p><\/p>\n\n\n<style type=\"text\/css\">\n#foogallery-gallery-2597 .fg-image { width: 365px; }\n#foogallery-gallery-2597 { --fg-gutter: 10px; }<\/style>\n\t\t\t<div class=\"foogallery foogallery-container foogallery-default foogallery-lightbox-none fg-left fg-default fg-ready fg-light fg-border-thin fg-shadow-outline fg-loading-default fg-loaded-fade-in fg-caption-always fg-hover-fade fg-hover-zoom\" id=\"foogallery-gallery-2597\" data-foogallery=\"{&quot;item&quot;:{&quot;showCaptionTitle&quot;:false,&quot;showCaptionDescription&quot;:true},&quot;lazy&quot;:true}\" style=\"--fg-title-line-clamp: 0; --fg-description-line-clamp: 0;\" >\n\t<div class=\"fg-item fg-type-image fg-idle\"><figure class=\"fg-item-inner\"><a href=\"https:\/\/rumex.mendelu.cz\/atlasposkozenidrevin\/wp-content\/uploads\/2020\/02\/ochmet-1.jpg\" data-caption-title=\"Ochmet na dubu letn\u00edm, Brno-Kom\u00edn 2011.\" data-caption-desc=\"Ochmet na dubu letn\u00edm, Brno-Kom\u00edn 2011.\" data-attachment-id=\"2153\" data-type=\"image\" class=\"fg-thumb\"><span class=\"fg-image-wrap\"><img fetchpriority=\"high\" decoding=\"async\" title=\"Ochmet na dubu letn\u00edm, Brno-Kom\u00edn 2011.\" width=\"365\" height=\"320\" class=\"skip-lazy fg-image\" data-src-fg=\"https:\/\/rumex.mendelu.cz\/atlasposkozenidrevin\/wp-content\/uploads\/cache\/2020\/02\/ochmet-1\/4158336638.jpg\" src=\"data:image\/svg+xml,%3Csvg%20xmlns%3D%22http%3A%2F%2Fwww.w3.org%2F2000%2Fsvg%22%20width%3D%22365%22%20height%3D%22320%22%20viewBox%3D%220%200%20365%20320%22%3E%3C%2Fsvg%3E\" loading=\"eager\"><\/span><span class=\"fg-image-overlay\"><\/span><\/a><figcaption class=\"fg-caption\"><div class=\"fg-caption-inner\"><div class=\"fg-caption-desc\">Ochmet na dubu letn\u00edm, Brno-Kom\u00edn 2011.<\/div><\/div><\/figcaption><\/figure><div class=\"fg-loader\"><\/div><\/div><div class=\"fg-item fg-type-image fg-idle\"><figure class=\"fg-item-inner\"><a href=\"https:\/\/rumex.mendelu.cz\/atlasposkozenidrevin\/wp-content\/uploads\/2020\/02\/ochmet_2005.jpg\" data-caption-title=\"Ochmet s plody, Ji\u017en\u00ed Morava 2005.\" data-caption-desc=\"Ochmet s plody, Ji\u017en\u00ed Morava 2005.\" data-attachment-id=\"2152\" data-type=\"image\" class=\"fg-thumb\"><span class=\"fg-image-wrap\"><img decoding=\"async\" title=\"Ochmet s plody, Ji\u017en\u00ed Morava 2005.\" width=\"365\" height=\"320\" class=\"skip-lazy fg-image\" data-src-fg=\"https:\/\/rumex.mendelu.cz\/atlasposkozenidrevin\/wp-content\/uploads\/cache\/2020\/02\/ochmet_2005\/1581899855.jpg\" src=\"data:image\/svg+xml,%3Csvg%20xmlns%3D%22http%3A%2F%2Fwww.w3.org%2F2000%2Fsvg%22%20width%3D%22365%22%20height%3D%22320%22%20viewBox%3D%220%200%20365%20320%22%3E%3C%2Fsvg%3E\" loading=\"eager\"><\/span><span class=\"fg-image-overlay\"><\/span><\/a><figcaption class=\"fg-caption\"><div class=\"fg-caption-inner\"><div class=\"fg-caption-desc\">Ochmet s plody, Ji\u017en\u00ed Morava 2005.<\/div><\/div><\/figcaption><\/figure><div class=\"fg-loader\"><\/div><\/div><div class=\"fg-item fg-type-image fg-idle\"><figure class=\"fg-item-inner\"><a href=\"https:\/\/rumex.mendelu.cz\/atlasposkozenidrevin\/wp-content\/uploads\/2020\/02\/atlas.jpg\" data-caption-title=\"Detail kv\u011bt\u016f, NPR \u010certoryje 2020.\" data-caption-desc=\"Detail kv\u011bt\u016f, NPR \u010certoryje 2020.\" data-attachment-id=\"4041\" data-type=\"image\" class=\"fg-thumb\"><span class=\"fg-image-wrap\"><img decoding=\"async\" title=\"Detail kv\u011bt\u016f, NPR \u010certoryje 2020.\" width=\"365\" height=\"320\" class=\"skip-lazy fg-image\" data-src-fg=\"https:\/\/rumex.mendelu.cz\/atlasposkozenidrevin\/wp-content\/uploads\/cache\/2020\/02\/atlas\/2940633032.jpg\" src=\"data:image\/svg+xml,%3Csvg%20xmlns%3D%22http%3A%2F%2Fwww.w3.org%2F2000%2Fsvg%22%20width%3D%22365%22%20height%3D%22320%22%20viewBox%3D%220%200%20365%20320%22%3E%3C%2Fsvg%3E\" loading=\"eager\"><\/span><span class=\"fg-image-overlay\"><\/span><\/a><figcaption class=\"fg-caption\"><div class=\"fg-caption-inner\"><div class=\"fg-caption-desc\">Detail kv\u011bt\u016f, NPR \u010certoryje 2020.<\/div><\/div><\/figcaption><\/figure><div class=\"fg-loader\"><\/div><\/div><\/div>\n\n\n\n<p><\/p>\n\n\n\n<p><strong>V\u00ddZNAM A OCHRANA:<\/strong> poloparazit, vyskytuje se v teplej\u0161\u00edch oblastech, ochrana spo\u010d\u00edv\u00e1 v\u00a0odstran\u011bn\u00ed hostitele.<\/p>\n\n\n\n<p><\/p>\n\n\n<style type=\"text\/css\">\n#foogallery-gallery-2595 .fg-image { width: 365px; }\n#foogallery-gallery-2595 { --fg-gutter: 10px; }<\/style>\n\t\t\t<div class=\"foogallery foogallery-container foogallery-default foogallery-lightbox-none fg-left fg-default fg-ready fg-light fg-border-thin fg-shadow-outline fg-loading-default fg-loaded-fade-in fg-caption-always fg-hover-fade fg-hover-zoom\" id=\"foogallery-gallery-2595\" data-foogallery=\"{&quot;item&quot;:{&quot;showCaptionTitle&quot;:false,&quot;showCaptionDescription&quot;:true},&quot;lazy&quot;:true}\" style=\"--fg-title-line-clamp: 0; --fg-description-line-clamp: 0;\" >\n\t<div class=\"fg-item fg-type-image fg-idle\"><figure class=\"fg-item-inner\"><a href=\"https:\/\/rumex.mendelu.cz\/atlasposkozenidrevin\/wp-content\/uploads\/2020\/02\/ochmet-3.jpg\" data-caption-title=\"Siln\u011bj\u0161\u00ed napaden\u00ed dubu,\nBrno \u2013 obora Holedn\u00e1 2012\" data-caption-desc=\"Siln\u011bj\u0161\u00ed napaden\u00ed dubu,\nBrno \u2013 obora Holedn\u00e1 2012\" data-attachment-id=\"2155\" data-type=\"image\" class=\"fg-thumb\"><span class=\"fg-image-wrap\"><img decoding=\"async\" title=\"Siln\u011bj\u0161\u00ed napaden\u00ed dubu,\nBrno \u2013 obora Holedn\u00e1 2012\" width=\"365\" height=\"320\" class=\"skip-lazy fg-image\" data-src-fg=\"https:\/\/rumex.mendelu.cz\/atlasposkozenidrevin\/wp-content\/uploads\/cache\/2020\/02\/ochmet-3\/1467107256.jpg\" src=\"data:image\/svg+xml,%3Csvg%20xmlns%3D%22http%3A%2F%2Fwww.w3.org%2F2000%2Fsvg%22%20width%3D%22365%22%20height%3D%22320%22%20viewBox%3D%220%200%20365%20320%22%3E%3C%2Fsvg%3E\" loading=\"eager\"><\/span><span class=\"fg-image-overlay\"><\/span><\/a><figcaption class=\"fg-caption\"><div class=\"fg-caption-inner\"><div class=\"fg-caption-desc\">Siln\u011bj\u0161\u00ed napaden\u00ed dubu,\nBrno \u2013 obora Holedn\u00e1 2012<\/div><\/div><\/figcaption><\/figure><div class=\"fg-loader\"><\/div><\/div><div class=\"fg-item fg-type-image fg-idle\"><figure class=\"fg-item-inner\"><a href=\"https:\/\/rumex.mendelu.cz\/atlasposkozenidrevin\/wp-content\/uploads\/2020\/02\/ochmet-2.jpg\" data-caption-title=\"Detail ochmetu, Brno-Kom\u00edn 2011.\" data-caption-desc=\"Detail ochmetu, Brno-Kom\u00edn 2011.\" data-attachment-id=\"2154\" data-type=\"image\" class=\"fg-thumb\"><span class=\"fg-image-wrap\"><img decoding=\"async\" title=\"Detail ochmetu, Brno-Kom\u00edn 2011.\" width=\"365\" height=\"320\" class=\"skip-lazy fg-image\" data-src-fg=\"https:\/\/rumex.mendelu.cz\/atlasposkozenidrevin\/wp-content\/uploads\/cache\/2020\/02\/ochmet-2\/3250845563.jpg\" src=\"data:image\/svg+xml,%3Csvg%20xmlns%3D%22http%3A%2F%2Fwww.w3.org%2F2000%2Fsvg%22%20width%3D%22365%22%20height%3D%22320%22%20viewBox%3D%220%200%20365%20320%22%3E%3C%2Fsvg%3E\" loading=\"eager\"><\/span><span class=\"fg-image-overlay\"><\/span><\/a><figcaption class=\"fg-caption\"><div class=\"fg-caption-inner\"><div class=\"fg-caption-desc\">Detail ochmetu, Brno-Kom\u00edn 2011.<\/div><\/div><\/figcaption><\/figure><div class=\"fg-loader\"><\/div><\/div><div class=\"fg-item fg-type-image fg-idle\"><figure class=\"fg-item-inner\"><a href=\"https:\/\/rumex.mendelu.cz\/atlasposkozenidrevin\/wp-content\/uploads\/2020\/02\/P4049885.jpg\" data-caption-title=\"Ulomen\u00e1 v\u011btev se zbytky ochmetu, \u0160LP ML K\u0159tiny arboretum \u0158\u00edcmanice 2008.\" data-caption-desc=\"Ulomen\u00e1 v\u011btev se zbytky ochmetu, \u0160LP ML K\u0159tiny arboretum \u0158\u00edcmanice 2008.\" data-attachment-id=\"2044\" data-type=\"image\" class=\"fg-thumb\"><span class=\"fg-image-wrap\"><img decoding=\"async\" title=\"Ulomen\u00e1 v\u011btev se zbytky ochmetu, \u0160LP ML K\u0159tiny arboretum \u0158\u00edcmanice 2008.\" width=\"365\" height=\"320\" class=\"skip-lazy fg-image\" data-src-fg=\"https:\/\/rumex.mendelu.cz\/atlasposkozenidrevin\/wp-content\/uploads\/cache\/2020\/02\/P4049885\/573909622.jpg\" src=\"data:image\/svg+xml,%3Csvg%20xmlns%3D%22http%3A%2F%2Fwww.w3.org%2F2000%2Fsvg%22%20width%3D%22365%22%20height%3D%22320%22%20viewBox%3D%220%200%20365%20320%22%3E%3C%2Fsvg%3E\" loading=\"eager\"><\/span><span class=\"fg-image-overlay\"><\/span><\/a><figcaption class=\"fg-caption\"><div class=\"fg-caption-inner\"><div class=\"fg-caption-desc\">Ulomen\u00e1 v\u011btev se zbytky ochmetu, \u0160LP ML K\u0159tiny arboretum \u0158\u00edcmanice 2008.<\/div><\/div><\/figcaption><\/figure><div class=\"fg-loader\"><\/div><\/div><\/div>\n","protected":false},"excerpt":{"rendered":"<p>Loranthus europaeus Jacg. HOSTITELSK\u00c9 D\u0158EVINY: duby (Quercus spp.), ka\u0161tanovn\u00edk (Castanea spp.). SYMPTOMY A BIONOMIE: opadav\u00fd [&hellip;]<\/p>\n","protected":false},"author":2,"featured_media":0,"parent":0,"menu_order":0,"comment_status":"closed","ping_status":"closed","template":"template-full-width.php","meta":{"footnotes":""},"class_list":["post-809","page","type-page","status-publish","hentry"],"_links":{"self":[{"href":"https:\/\/rumex.mendelu.cz\/atlasposkozenidrevin\/index.php\/wp-json\/wp\/v2\/pages\/809","targetHints":{"allow":["GET"]}}],"collection":[{"href":"https:\/\/rumex.mendelu.cz\/atlasposkozenidrevin\/index.php\/wp-json\/wp\/v2\/pages"}],"about":[{"href":"https:\/\/rumex.mendelu.cz\/atlasposkozenidrevin\/index.php\/wp-json\/wp\/v2\/types\/page"}],"author":[{"embeddable":true,"href":"https:\/\/rumex.mendelu.cz\/atlasposkozenidrevin\/index.php\/wp-json\/wp\/v2\/users\/2"}],"replies":[{"embeddable":true,"href":"https:\/\/rumex.mendelu.cz\/atlasposkozenidrevin\/index.php\/wp-json\/wp\/v2\/comments?post=809"}],"version-history":[{"count":7,"href":"https:\/\/rumex.mendelu.cz\/atlasposkozenidrevin\/index.php\/wp-json\/wp\/v2\/pages\/809\/revisions"}],"predecessor-version":[{"id":4043,"href":"https:\/\/rumex.mendelu.cz\/atlasposkozenidrevin\/index.php\/wp-json\/wp\/v2\/pages\/809\/revisions\/4043"}],"wp:attachment":[{"href":"https:\/\/rumex.mendelu.cz\/atlasposkozenidrevin\/index.php\/wp-json\/wp\/v2\/media?parent=809"}],"curies":[{"name":"wp","href":"https:\/\/api.w.org\/{rel}","templated":true}]}}