{"id":773,"date":"2019-08-21T11:09:56","date_gmt":"2019-08-21T09:09:56","guid":{"rendered":"http:\/\/rumex.mendelu.cz\/atlasposkozenidrevin\/?page_id=773"},"modified":"2024-11-06T13:33:16","modified_gmt":"2024-11-06T12:33:16","slug":"spala-listu-moruse","status":"publish","type":"page","link":"https:\/\/rumex.mendelu.cz\/atlasposkozenidrevin\/index.php\/spala-listu-moruse\/","title":{"rendered":"sp\u00e1la list\u016f moru\u0161e"},"content":{"rendered":"\n<p style=\"text-align:left\" class=\"has-medium-font-size\"><strong><em>Mycosphaerella mori<\/em><\/strong><strong> (Fuckel) F.A. Wolf \u00ad<\/strong><\/p>\n\n\n\n<p class=\"has-normal-font-size\"><strong>SYNONYMUM:<\/strong> <strong><em>Sphaerella mori <\/em> Fuckel<em>, Cylindrosporium mori<\/em><\/strong> <strong> (L\u00e9v.) Berl.<\/strong><\/p>\n\n\n\n<p><strong>HOSTITELSK\u00c9 D\u0158EVINY<\/strong>: moru\u0161ovn\u00edk b\u00edl\u00fd (<em>Morus alba<\/em>), m. \u010dern\u00fd (<em>M. nigra<\/em>).<\/p>\n\n\n\n<p><strong>SYMPTOMY A BIONOMI<\/strong>E: koncem jara a b\u011bhem l\u00e9ta se na listech vytv\u00e1\u0159ej\u00ed drobn\u00e9 \u017elut\u00e9 skvrny, postupn\u011b tmavnou, hn\u011bdnou a zasychaj\u00ed od st\u0159edu, pozd\u011bji maj\u00ed skvrny tmav\u00fd okraj, mohou spl\u00fdvat ve v\u011bt\u0161\u00ed plochy, p\u0159i siln\u00e9 infekci listy \u017eloutnou a p\u0159ed\u010dasn\u011b opad\u00e1vaj\u00ed. <\/p>\n\n\n<style type=\"text\/css\">\n#foogallery-gallery-2941 .fg-image { width: 365px; }\n#foogallery-gallery-2941 { --fg-gutter: 10px; }<\/style>\n\t\t\t<div class=\"foogallery foogallery-container foogallery-default foogallery-lightbox-none fg-left fg-default fg-ready fg-light fg-border-thin fg-shadow-outline fg-loading-default fg-loaded-fade-in fg-caption-always fg-hover-fade fg-hover-zoom\" id=\"foogallery-gallery-2941\" data-foogallery=\"{&quot;item&quot;:{&quot;showCaptionTitle&quot;:false,&quot;showCaptionDescription&quot;:true},&quot;lazy&quot;:true}\" style=\"--fg-title-line-clamp: 0; --fg-description-line-clamp: 0;\" >\n\t<div class=\"fg-item fg-type-image fg-idle\"><figure class=\"fg-item-inner\"><a href=\"https:\/\/rumex.mendelu.cz\/atlasposkozenidrevin\/wp-content\/uploads\/2020\/02\/Morus_mycosphaerella-1.jpg\" data-caption-title=\"Detail po\u0161kozen\u00ed listu moru\u0161e, Brno Mendelu BZA 2008.\" data-caption-desc=\"Detail po\u0161kozen\u00ed listu moru\u0161e, Brno Mendelu BZA 2008.\" data-attachment-id=\"5381\" data-type=\"image\" class=\"fg-thumb\"><span class=\"fg-image-wrap\"><img fetchpriority=\"high\" decoding=\"async\" title=\"Detail po\u0161kozen\u00ed listu moru\u0161e, Brno Mendelu BZA 2008.\" width=\"365\" height=\"320\" class=\"skip-lazy fg-image\" data-src-fg=\"https:\/\/rumex.mendelu.cz\/atlasposkozenidrevin\/wp-content\/uploads\/cache\/2020\/02\/Morus_mycosphaerella-1\/3071533095.jpg\" src=\"data:image\/svg+xml,%3Csvg%20xmlns%3D%22http%3A%2F%2Fwww.w3.org%2F2000%2Fsvg%22%20width%3D%22365%22%20height%3D%22320%22%20viewBox%3D%220%200%20365%20320%22%3E%3C%2Fsvg%3E\" loading=\"eager\"><\/span><span class=\"fg-image-overlay\"><\/span><\/a><figcaption class=\"fg-caption\"><div class=\"fg-caption-inner\"><div class=\"fg-caption-desc\">Detail po\u0161kozen\u00ed listu moru\u0161e, Brno Mendelu BZA 2008.<\/div><\/div><\/figcaption><\/figure><div class=\"fg-loader\"><\/div><\/div><div class=\"fg-item fg-type-image fg-idle\"><figure class=\"fg-item-inner\"><a href=\"https:\/\/rumex.mendelu.cz\/atlasposkozenidrevin\/wp-content\/uploads\/2020\/02\/PA150009.jpg\" data-caption-title=\"Skvrny na listech moru\u0161e, Brno Mendelu BZA 2008.\" data-caption-desc=\"Skvrny na listech moru\u0161e, Brno Mendelu BZA 2008.\" data-attachment-id=\"5382\" data-type=\"image\" class=\"fg-thumb\"><span class=\"fg-image-wrap\"><img decoding=\"async\" title=\"Skvrny na listech moru\u0161e, Brno Mendelu BZA 2008.\" width=\"365\" height=\"320\" class=\"skip-lazy fg-image\" data-src-fg=\"https:\/\/rumex.mendelu.cz\/atlasposkozenidrevin\/wp-content\/uploads\/cache\/2020\/02\/PA150009\/433557421.jpg\" src=\"data:image\/svg+xml,%3Csvg%20xmlns%3D%22http%3A%2F%2Fwww.w3.org%2F2000%2Fsvg%22%20width%3D%22365%22%20height%3D%22320%22%20viewBox%3D%220%200%20365%20320%22%3E%3C%2Fsvg%3E\" loading=\"eager\"><\/span><span class=\"fg-image-overlay\"><\/span><\/a><figcaption class=\"fg-caption\"><div class=\"fg-caption-inner\"><div class=\"fg-caption-desc\">Skvrny na listech moru\u0161e, Brno Mendelu BZA 2008.<\/div><\/div><\/figcaption><\/figure><div class=\"fg-loader\"><\/div><\/div><div class=\"fg-item fg-type-image fg-idle\"><figure class=\"fg-item-inner\"><a href=\"https:\/\/rumex.mendelu.cz\/atlasposkozenidrevin\/wp-content\/uploads\/2020\/02\/PA150014.jpg\" data-caption-title=\"Skvrny na listech moru\u0161e, Brno Mendelu BZA 2008.\" data-caption-desc=\"Skvrny na listech moru\u0161e, Brno Mendelu BZA 2008.\" data-attachment-id=\"5383\" data-type=\"image\" class=\"fg-thumb\"><span class=\"fg-image-wrap\"><img decoding=\"async\" title=\"Skvrny na listech moru\u0161e, Brno Mendelu BZA 2008.\" width=\"365\" height=\"320\" class=\"skip-lazy fg-image\" data-src-fg=\"https:\/\/rumex.mendelu.cz\/atlasposkozenidrevin\/wp-content\/uploads\/cache\/2020\/02\/PA150014\/3484565090.jpg\" src=\"data:image\/svg+xml,%3Csvg%20xmlns%3D%22http%3A%2F%2Fwww.w3.org%2F2000%2Fsvg%22%20width%3D%22365%22%20height%3D%22320%22%20viewBox%3D%220%200%20365%20320%22%3E%3C%2Fsvg%3E\" loading=\"eager\"><\/span><span class=\"fg-image-overlay\"><\/span><\/a><figcaption class=\"fg-caption\"><div class=\"fg-caption-inner\"><div class=\"fg-caption-desc\">Skvrny na listech moru\u0161e, Brno Mendelu BZA 2008.<\/div><\/div><\/figcaption><\/figure><div class=\"fg-loader\"><\/div><\/div><\/div>\n\n\n<style type=\"text\/css\">\n#foogallery-gallery-2942 .fg-image { width: 560px; }\n#foogallery-gallery-2942 { --fg-gutter: 10px; }<\/style>\n\t\t\t<div class=\"foogallery foogallery-container foogallery-default foogallery-lightbox-none fg-left fg-default fg-ready fg-light fg-border-thin fg-shadow-outline fg-loading-default fg-loaded-fade-in fg-caption-always fg-hover-fade fg-hover-zoom\" id=\"foogallery-gallery-2942\" data-foogallery=\"{&quot;item&quot;:{&quot;showCaptionTitle&quot;:false,&quot;showCaptionDescription&quot;:true},&quot;lazy&quot;:true}\" style=\"--fg-title-line-clamp: 0; --fg-description-line-clamp: 0;\" >\n\t<\/div>\n\n\n\n<p><\/p>\n\n\n\n<p><strong>V\u00ddZNAM A OCHRANA:<\/strong> jej\u00ed v\u00fdskyt je zaznamen\u00e1n v&nbsp;okrasn\u00fdch v\u00fdsadb\u00e1ch \u2013 v&nbsp;parc\u00edch, arboretech, zahrad\u00e1ch na vzrostl\u00fdch d\u0159evin\u00e1ch. Aplikace fungicidu se prov\u00e1d\u00ed p\u0159i opakovan\u00e9m v\u00fdskytu, p\u0159i prvn\u00edch p\u0159\u00edznac\u00edch. <\/p>\n\n\n\n<p><strong>MO\u017dNOST Z\u00c1M\u011aNY<\/strong>: z\u00e1m\u011bna s&nbsp;jin\u00fdm patogen zat\u00edm nezn\u00e1m\u00e1.<\/p>\n","protected":false},"excerpt":{"rendered":"<p>Mycosphaerella mori (Fuckel) F.A. Wolf \u00ad SYNONYMUM: Sphaerella mori Fuckel, Cylindrosporium mori (L\u00e9v.) Berl. HOSTITELSK\u00c9 [&hellip;]<\/p>\n","protected":false},"author":2,"featured_media":0,"parent":0,"menu_order":0,"comment_status":"closed","ping_status":"closed","template":"template-full-width.php","meta":{"footnotes":""},"class_list":["post-773","page","type-page","status-publish","hentry"],"_links":{"self":[{"href":"https:\/\/rumex.mendelu.cz\/atlasposkozenidrevin\/index.php\/wp-json\/wp\/v2\/pages\/773","targetHints":{"allow":["GET"]}}],"collection":[{"href":"https:\/\/rumex.mendelu.cz\/atlasposkozenidrevin\/index.php\/wp-json\/wp\/v2\/pages"}],"about":[{"href":"https:\/\/rumex.mendelu.cz\/atlasposkozenidrevin\/index.php\/wp-json\/wp\/v2\/types\/page"}],"author":[{"embeddable":true,"href":"https:\/\/rumex.mendelu.cz\/atlasposkozenidrevin\/index.php\/wp-json\/wp\/v2\/users\/2"}],"replies":[{"embeddable":true,"href":"https:\/\/rumex.mendelu.cz\/atlasposkozenidrevin\/index.php\/wp-json\/wp\/v2\/comments?post=773"}],"version-history":[{"count":4,"href":"https:\/\/rumex.mendelu.cz\/atlasposkozenidrevin\/index.php\/wp-json\/wp\/v2\/pages\/773\/revisions"}],"predecessor-version":[{"id":2944,"href":"https:\/\/rumex.mendelu.cz\/atlasposkozenidrevin\/index.php\/wp-json\/wp\/v2\/pages\/773\/revisions\/2944"}],"wp:attachment":[{"href":"https:\/\/rumex.mendelu.cz\/atlasposkozenidrevin\/index.php\/wp-json\/wp\/v2\/media?parent=773"}],"curies":[{"name":"wp","href":"https:\/\/api.w.org\/{rel}","templated":true}]}}