{"id":409,"date":"2019-08-16T12:26:26","date_gmt":"2019-08-16T10:26:26","guid":{"rendered":"http:\/\/rumex.mendelu.cz\/atlasposkozenidrevin\/?page_id=409"},"modified":"2025-02-06T10:19:15","modified_gmt":"2025-02-06T09:19:15","slug":"rezavec-datli","status":"publish","type":"page","link":"https:\/\/rumex.mendelu.cz\/atlasposkozenidrevin\/index.php\/rezavec-datli\/","title":{"rendered":"rezavec datl\u00ed"},"content":{"rendered":"\n<p class=\"has-text-align-left has-medium-font-size\"><em><strong>Inonotus nidus-pici<\/strong><\/em><strong> Pil\u00e1t <\/strong><\/p>\n\n\n\n<p><strong>HOSTITELSK\u00c9 D\u0158EVINY:<\/strong> listn\u00e1\u010de \u2013 duby (<em>Quercus <\/em>spp.), javory (<em>Acer<\/em> spp.), l\u00edsky (<em>Corylus<\/em> spp.) a dal\u0161\u00ed.<\/p>\n\n\n\n<p><strong>SYMPTOMY: <\/strong>tvorba plodnic a dutiny v kmeni.<\/p>\n\n\n\n<p><strong>PLODNICE:<\/strong> infekce pronik\u00e1 do kmene v m\u00edst\u011b po odlomen\u00e9 v\u011btvi, kolem suku nar\u016fstaj\u00ed v pr\u016fb\u011bhu vegetace imperfektn\u00ed plodnice v podob\u011b \u017elutookrov\u00fdch boch\u00e1nk\u016f (5-8 cm v pr\u016fm\u011bru), jsou dvoulet\u00e9, ale vytrv\u00e1vaj\u00ed na podkladu i v\u00edce let, postupn\u011b tmavnou, hn\u011bdnou a\u017e \u010dernaj\u00ed, jejich povrch prask\u00e1, pozd\u011bji plodnice opad\u00e1vaj\u00ed i s kusy vyhnil\u00e9ho d\u0159eva. Vznik\u00e1 tak postupn\u011b otev\u0159en\u00e1 dutina a p\u0159i ur\u010dit\u00e9 fyziologick\u00e9 zralosti se vytv\u00e1\u0159\u00ed v jej\u00ed vnit\u0159n\u00ed klenb\u011b perfektn\u00ed jednolet\u00e1 plodnice, tvo\u0159ena pouze rourkami (nar\u016fst\u00e1 v kv\u011btnu a\u017e \u010dervnu), po dozr\u00e1n\u00ed opad\u00e1v\u00e1 s kusy hniloby a dutina se postupn\u011b zv\u011bt\u0161uje.<\/p>\n\n\n\n<p><\/p>\n\n\n<style type=\"text\/css\">\n#foogallery-gallery-3415 .fg-image { width: 365px; }\n#foogallery-gallery-3415 { --fg-gutter: 10px; }<\/style>\n\t\t\t<div class=\"foogallery foogallery-container foogallery-default foogallery-lightbox-none fg-left fg-default fg-ready fg-light fg-border-thin fg-shadow-outline fg-loading-default fg-loaded-fade-in fg-caption-always fg-hover-fade fg-hover-zoom\" id=\"foogallery-gallery-3415\" data-foogallery=\"{&quot;item&quot;:{&quot;showCaptionTitle&quot;:false,&quot;showCaptionDescription&quot;:true},&quot;lazy&quot;:true}\" style=\"--fg-title-line-clamp: 0; --fg-description-line-clamp: 0;\" >\n\t<div class=\"fg-item fg-type-image fg-idle\"><figure class=\"fg-item-inner\"><a href=\"https:\/\/rumex.mendelu.cz\/atlasposkozenidrevin\/wp-content\/uploads\/2020\/03\/inonotus_nidus-picie11.jpg\" data-caption-title=\"Javor s rezavcem datl\u00edm, Brno park Lu\u017e\u00e1nky 2008.\" data-caption-desc=\"Javor s rezavcem datl\u00edm, Brno park Lu\u017e\u00e1nky 2008.\" data-attachment-id=\"4998\" data-type=\"image\" class=\"fg-thumb\"><span class=\"fg-image-wrap\"><img fetchpriority=\"high\" decoding=\"async\" title=\"Javor s rezavcem datl\u00edm, Brno park Lu\u017e\u00e1nky 2008.\" width=\"365\" height=\"320\" class=\"skip-lazy fg-image\" data-src-fg=\"https:\/\/rumex.mendelu.cz\/atlasposkozenidrevin\/wp-content\/uploads\/cache\/2020\/03\/inonotus_nidus-picie11\/3803919765.jpg\" src=\"data:image\/svg+xml,%3Csvg%20xmlns%3D%22http%3A%2F%2Fwww.w3.org%2F2000%2Fsvg%22%20width%3D%22365%22%20height%3D%22320%22%20viewBox%3D%220%200%20365%20320%22%3E%3C%2Fsvg%3E\" loading=\"eager\"><\/span><span class=\"fg-image-overlay\"><\/span><\/a><figcaption class=\"fg-caption\"><div class=\"fg-caption-inner\"><div class=\"fg-caption-desc\">Javor s rezavcem datl\u00edm, Brno park Lu\u017e\u00e1nky 2008.<\/div><\/div><\/figcaption><\/figure><div class=\"fg-loader\"><\/div><\/div><div class=\"fg-item fg-type-image fg-idle\"><figure class=\"fg-item-inner\"><a href=\"https:\/\/rumex.mendelu.cz\/atlasposkozenidrevin\/wp-content\/uploads\/2020\/03\/inonotus_nidus-picie3.jpg\" data-caption-title=\"Rezavec datl\u00ed na dubu ceru, Valtice Rendezvous 2010.\" data-caption-desc=\"Rezavec datl\u00ed na dubu ceru, Valtice Rendezvous 2010.\" data-attachment-id=\"4994\" data-type=\"image\" class=\"fg-thumb\"><span class=\"fg-image-wrap\"><img decoding=\"async\" title=\"Rezavec datl\u00ed na dubu ceru, Valtice Rendezvous 2010.\" width=\"365\" height=\"320\" class=\"skip-lazy fg-image\" data-src-fg=\"https:\/\/rumex.mendelu.cz\/atlasposkozenidrevin\/wp-content\/uploads\/cache\/2020\/03\/inonotus_nidus-picie3\/4164459160.jpg\" src=\"data:image\/svg+xml,%3Csvg%20xmlns%3D%22http%3A%2F%2Fwww.w3.org%2F2000%2Fsvg%22%20width%3D%22365%22%20height%3D%22320%22%20viewBox%3D%220%200%20365%20320%22%3E%3C%2Fsvg%3E\" loading=\"eager\"><\/span><span class=\"fg-image-overlay\"><\/span><\/a><figcaption class=\"fg-caption\"><div class=\"fg-caption-inner\"><div class=\"fg-caption-desc\">Rezavec datl\u00ed na dubu ceru, Valtice Rendezvous 2010.<\/div><\/div><\/figcaption><\/figure><div class=\"fg-loader\"><\/div><\/div><div class=\"fg-item fg-type-image fg-idle\"><figure class=\"fg-item-inner\"><a href=\"https:\/\/rumex.mendelu.cz\/atlasposkozenidrevin\/wp-content\/uploads\/2020\/03\/inonotus_nidus-picie4.jpg\" data-caption-title=\"Rezavec datl\u00ed na dubu ceru, Valtice Rendezvous 2012.\" data-caption-desc=\"Rezavec datl\u00ed na dubu ceru, Valtice Rendezvous 2012.\" data-attachment-id=\"4995\" data-type=\"image\" class=\"fg-thumb\"><span class=\"fg-image-wrap\"><img decoding=\"async\" title=\"Rezavec datl\u00ed na dubu ceru, Valtice Rendezvous 2012.\" width=\"365\" height=\"320\" class=\"skip-lazy fg-image\" data-src-fg=\"https:\/\/rumex.mendelu.cz\/atlasposkozenidrevin\/wp-content\/uploads\/cache\/2020\/03\/inonotus_nidus-picie4\/3948202084.jpg\" src=\"data:image\/svg+xml,%3Csvg%20xmlns%3D%22http%3A%2F%2Fwww.w3.org%2F2000%2Fsvg%22%20width%3D%22365%22%20height%3D%22320%22%20viewBox%3D%220%200%20365%20320%22%3E%3C%2Fsvg%3E\" loading=\"eager\"><\/span><span class=\"fg-image-overlay\"><\/span><\/a><figcaption class=\"fg-caption\"><div class=\"fg-caption-inner\"><div class=\"fg-caption-desc\">Rezavec datl\u00ed na dubu ceru, Valtice Rendezvous 2012.<\/div><\/div><\/figcaption><\/figure><div class=\"fg-loader\"><\/div><\/div><\/div>\n\n\n\n<p><\/p>\n\n\n\n<p><strong>HNILOBA: <\/strong>b\u00edl\u00e1, \u0161\u00ed\u0159\u00ed se st\u0159edem kmene v obou sm\u011brech od m\u00edsta pr\u016fniku.<\/p>\n\n\n\n<p><strong>V\u00ddZNAM A OCHRANA: <\/strong>v m\u00edst\u011b tvorby plodnice je kmen oslaben\u00fd, hroz\u00ed jeho zlomen\u00ed.<\/p>\n\n\n<style type=\"text\/css\">\n#foogallery-gallery-3416 .fg-image { width: 365px; }\n#foogallery-gallery-3416 { --fg-gutter: 10px; }<\/style>\n\t\t\t<div class=\"foogallery foogallery-container foogallery-default foogallery-lightbox-none fg-left fg-default fg-ready fg-light fg-border-thin fg-shadow-outline fg-loading-default fg-loaded-fade-in fg-caption-always fg-hover-fade fg-hover-zoom\" id=\"foogallery-gallery-3416\" data-foogallery=\"{&quot;item&quot;:{&quot;showCaptionTitle&quot;:false,&quot;showCaptionDescription&quot;:true},&quot;lazy&quot;:true}\" style=\"--fg-title-line-clamp: 0; --fg-description-line-clamp: 0;\" >\n\t<div class=\"fg-item fg-type-image fg-idle\"><figure class=\"fg-item-inner\"><a href=\"https:\/\/rumex.mendelu.cz\/atlasposkozenidrevin\/wp-content\/uploads\/2020\/03\/inonotus_nidus-picie7.jpg\" data-caption-title=\"Rezavec datl\u00ed na dubu ceru, Valtice Rendezvous 2006.\" data-caption-desc=\"Rezavec datl\u00ed na dubu ceru, Valtice Rendezvous 2006.\" data-attachment-id=\"4997\" data-type=\"image\" class=\"fg-thumb\"><span class=\"fg-image-wrap\"><img decoding=\"async\" title=\"Rezavec datl\u00ed na dubu ceru, Valtice Rendezvous 2006.\" width=\"365\" height=\"320\" class=\"skip-lazy fg-image\" data-src-fg=\"https:\/\/rumex.mendelu.cz\/atlasposkozenidrevin\/wp-content\/uploads\/cache\/2020\/03\/inonotus_nidus-picie7\/1824695497.jpg\" src=\"data:image\/svg+xml,%3Csvg%20xmlns%3D%22http%3A%2F%2Fwww.w3.org%2F2000%2Fsvg%22%20width%3D%22365%22%20height%3D%22320%22%20viewBox%3D%220%200%20365%20320%22%3E%3C%2Fsvg%3E\" loading=\"eager\"><\/span><span class=\"fg-image-overlay\"><\/span><\/a><figcaption class=\"fg-caption\"><div class=\"fg-caption-inner\"><div class=\"fg-caption-desc\">Rezavec datl\u00ed na dubu ceru, Valtice Rendezvous 2006.<\/div><\/div><\/figcaption><\/figure><div class=\"fg-loader\"><\/div><\/div><div class=\"fg-item fg-type-image fg-idle\"><figure class=\"fg-item-inner\"><a href=\"https:\/\/rumex.mendelu.cz\/atlasposkozenidrevin\/wp-content\/uploads\/2020\/03\/inonotus_nidus-picie6.jpg\" data-caption-title=\"Rezavec datl\u00ed na dubu ceru, Valtice Rendezvous 2006.\" data-caption-desc=\"Rezavec datl\u00ed na dubu ceru, Valtice Rendezvous 2006.\" data-attachment-id=\"4996\" data-type=\"image\" class=\"fg-thumb\"><span class=\"fg-image-wrap\"><img decoding=\"async\" title=\"Rezavec datl\u00ed na dubu ceru, Valtice Rendezvous 2006.\" width=\"365\" height=\"320\" class=\"skip-lazy fg-image\" data-src-fg=\"https:\/\/rumex.mendelu.cz\/atlasposkozenidrevin\/wp-content\/uploads\/cache\/2020\/03\/inonotus_nidus-picie6\/3116498866.jpg\" src=\"data:image\/svg+xml,%3Csvg%20xmlns%3D%22http%3A%2F%2Fwww.w3.org%2F2000%2Fsvg%22%20width%3D%22365%22%20height%3D%22320%22%20viewBox%3D%220%200%20365%20320%22%3E%3C%2Fsvg%3E\" loading=\"eager\"><\/span><span class=\"fg-image-overlay\"><\/span><\/a><figcaption class=\"fg-caption\"><div class=\"fg-caption-inner\"><div class=\"fg-caption-desc\">Rezavec datl\u00ed na dubu ceru, Valtice Rendezvous 2006.<\/div><\/div><\/figcaption><\/figure><div class=\"fg-loader\"><\/div><\/div><div class=\"fg-item fg-type-image fg-idle\"><figure class=\"fg-item-inner\"><a href=\"https:\/\/rumex.mendelu.cz\/atlasposkozenidrevin\/wp-content\/uploads\/2020\/03\/inonotus-nodus-pici-II.jpg\" data-caption-title=\"Rezavec datl\u00ed na dubu ceru, Valtice Rendezvous 2006.\" data-caption-desc=\"Rezavec datl\u00ed na dubu ceru, Valtice Rendezvous 2006.\" data-attachment-id=\"4993\" data-type=\"image\" class=\"fg-thumb\"><span class=\"fg-image-wrap\"><img decoding=\"async\" title=\"Rezavec datl\u00ed na dubu ceru, Valtice Rendezvous 2006.\" width=\"365\" height=\"320\" class=\"skip-lazy fg-image\" data-src-fg=\"https:\/\/rumex.mendelu.cz\/atlasposkozenidrevin\/wp-content\/uploads\/cache\/2020\/03\/inonotus-nodus-pici-II\/2124530167.jpg\" src=\"data:image\/svg+xml,%3Csvg%20xmlns%3D%22http%3A%2F%2Fwww.w3.org%2F2000%2Fsvg%22%20width%3D%22365%22%20height%3D%22320%22%20viewBox%3D%220%200%20365%20320%22%3E%3C%2Fsvg%3E\" loading=\"eager\"><\/span><span class=\"fg-image-overlay\"><\/span><\/a><figcaption class=\"fg-caption\"><div class=\"fg-caption-inner\"><div class=\"fg-caption-desc\">Rezavec datl\u00ed na dubu ceru, Valtice Rendezvous 2006.<\/div><\/div><\/figcaption><\/figure><div class=\"fg-loader\"><\/div><\/div><\/div>\n","protected":false},"excerpt":{"rendered":"<p>Inonotus nidus-pici Pil\u00e1t HOSTITELSK\u00c9 D\u0158EVINY: listn\u00e1\u010de \u2013 duby (Quercus spp.), javory (Acer spp.), l\u00edsky (Corylus [&hellip;]<\/p>\n","protected":false},"author":2,"featured_media":0,"parent":0,"menu_order":0,"comment_status":"closed","ping_status":"closed","template":"template-full-width.php","meta":{"footnotes":""},"class_list":["post-409","page","type-page","status-publish","hentry"],"_links":{"self":[{"href":"https:\/\/rumex.mendelu.cz\/atlasposkozenidrevin\/index.php\/wp-json\/wp\/v2\/pages\/409","targetHints":{"allow":["GET"]}}],"collection":[{"href":"https:\/\/rumex.mendelu.cz\/atlasposkozenidrevin\/index.php\/wp-json\/wp\/v2\/pages"}],"about":[{"href":"https:\/\/rumex.mendelu.cz\/atlasposkozenidrevin\/index.php\/wp-json\/wp\/v2\/types\/page"}],"author":[{"embeddable":true,"href":"https:\/\/rumex.mendelu.cz\/atlasposkozenidrevin\/index.php\/wp-json\/wp\/v2\/users\/2"}],"replies":[{"embeddable":true,"href":"https:\/\/rumex.mendelu.cz\/atlasposkozenidrevin\/index.php\/wp-json\/wp\/v2\/comments?post=409"}],"version-history":[{"count":7,"href":"https:\/\/rumex.mendelu.cz\/atlasposkozenidrevin\/index.php\/wp-json\/wp\/v2\/pages\/409\/revisions"}],"predecessor-version":[{"id":5001,"href":"https:\/\/rumex.mendelu.cz\/atlasposkozenidrevin\/index.php\/wp-json\/wp\/v2\/pages\/409\/revisions\/5001"}],"wp:attachment":[{"href":"https:\/\/rumex.mendelu.cz\/atlasposkozenidrevin\/index.php\/wp-json\/wp\/v2\/media?parent=409"}],"curies":[{"name":"wp","href":"https:\/\/api.w.org\/{rel}","templated":true}]}}