{"id":3660,"date":"2020-03-13T11:56:01","date_gmt":"2020-03-13T10:56:01","guid":{"rendered":"http:\/\/rumex.mendelu.cz\/atlasposkozenidrevin\/?page_id=3660"},"modified":"2020-03-13T17:11:16","modified_gmt":"2020-03-13T16:11:16","slug":"chroust-madalovy","status":"publish","type":"page","link":"https:\/\/rumex.mendelu.cz\/atlasposkozenidrevin\/index.php\/chroust-madalovy\/","title":{"rendered":"chroust ma\u010falov\u00fd"},"content":{"rendered":"\n<p class=\"has-medium-font-size\"><em>Melolontha hippocastani<\/em><strong> <\/strong>Fabricius, 1801 <\/p>\n\n\n\n<p>TAXONOMICK\u00c9 ZA\u0158AZEN\u00cd:<br> \u0158\u00e1d: brouci (Coleoptera)<br> \u010cele\u010f: vrubounovit\u00ed (Scarabaeidae)<\/p>\n\n\n\n<p><strong>HOSTITELSK\u00c9 D\u0158EVINY: <\/strong>Jde o \u0161irok\u00e9ho\npolyf\u00e1ga. \u017d\u00edr dosp\u011blc\u016f je soust\u0159ed\u011bn na listnat\u00e9 d\u0159eviny, z&nbsp;po\u010d\u00e1tku zpravidla\nna nej\u010dasn\u011bji ra\u0161\u00edc\u00ed b\u0159\u00edzu a n\u00e1sledn\u011b postupn\u011b na dal\u0161\u00ed druhy listnat\u00fdch d\u0159evin\n\u2013 preference se li\u0161\u00ed v&nbsp;pr\u016fb\u011bhu rojen\u00ed (roli hraje fenologie jednotliv\u00fdch\nd\u0159evin, st\u00e1\u0159\u00ed list\u016f a letov\u00e1 f\u00e1ze chroust\u016f) i region\u00e1ln\u011b, postihov\u00e1na je\nv\u011bt\u0161ina listnat\u00fdch d\u0159evin. Jehli\u010d\u00ed s&nbsp;v\u00fdjimkou mod\u0159\u00ednu zpravidla pom\u00edj\u00ed\n(zaznamen\u00e1ny jsou v\u0161ak i \u017e\u00edry na mlad\u00e9m jehli\u010d\u00ed smrku ztepil\u00e9ho \u010di jedle <em>Abies nordmanniana<\/em>), ale \u017e\u00edrem \u0161kod\u00ed na\npra\u0161n\u00edkov\u00fdch kv\u011btech borovice a smrku. Minim\u00e1ln\u011b \u010di v\u016fbec jsou po\u0161kozov\u00e1ny l\u00edpy,\nol\u0161e, ak\u00e1t a bez \u010dern\u00fd. Ponravy se \u017eiv\u00ed ko\u0159eny travin, bylin a d\u0159evin \u0161irok\u00e9ho\nspektra druh\u016f. Nejmlad\u0161\u00ed ponravy konzumuj\u00ed humus a jemn\u00e9 ko\u0159\u00ednky, star\u0161\u00ed ponravy\npak ohryz\u00e1vaj\u00ed i siln\u011bj\u0161\u00ed ko\u0159eny d\u0159evin.<\/p>\n\n\n\n<p><strong>POPIS DRUHU: <\/strong>&nbsp;Vaj\u00ed\u010dko je ov\u00e1ln\u00e9, b\u011blav\u00e9, velik\u00e9 cca 3 x 2 mm.&nbsp; Larva \u2013 ponrava je masit\u00e1, b\u011blav\u00e1 a\u017e \u017elutav\u00e1, zahnut\u00e1 ve tvaru p\u00edsmene C, a\u017e 50 mm dlouh\u00e1. Hlava je n\u00e1padn\u011b velk\u00e1 se siln\u00fdmi kusadly. Na hrudn\u00edch \u010dl\u00e1nc\u00edch jsou t\u0159i p\u00e1ry nohou. Ponrava m\u00e1 t\u0159i v\u00fdvojov\u00e1 st\u00e1dia (instary), kter\u00e9 se od sebe li\u0161\u00ed velikost\u00ed, ta v\u0161ak nen\u00ed znakem vyu\u017eiteln\u00fdm pro rozli\u0161en\u00ed instar\u016f. Ty lze rozeznat pouze podle \u0161\u00ed\u0159ky hlavov\u00e9 schr\u00e1nky. Dosp\u011blci chrousta ma\u010falov\u00e9ho jsou men\u0161\u00ed ne\u017e u chrousta obecn\u00e9ho, dlouz\u00ed 22\u201326 mm. Maj\u00ed na\u010dervenalou hru\u010f, \u010detn\u00e9 barevn\u00e9 odchylky se projevuj\u00ed na kon\u010detin\u00e1ch, \u0161t\u00edtu, pygidiu. \u0160t\u00edt je te\u010dkovan\u00fd, leskl\u00fd pouze po stran\u00e1ch. Ochlupen\u00ed je jemn\u00e9, sv\u011btl\u00e9 dlouh\u00e9 v kombinaci s kr\u00e1tk\u00fdmi p\u0159ilehl\u00fdmi chloupky. Krovky maj\u00ed hladk\u00fd, \u017eebrovit\u00fd \u0161ev a \u010dty\u0159i pod\u00e9ln\u00e1 \u017eebra na ka\u017ed\u00e9 krovce, plocha krovek je mezi \u017eebry hrub\u011b, hust\u011b te\u010dkovan\u00e1. Tykadla samc\u016f maj\u00ed dlouh\u00fd v\u011bj\u00ed\u0159, kter\u00fd je t\u00e9m\u011b\u0159 dvakr\u00e1t del\u0161\u00ed ne\u017e zb\u00fdvaj\u00edc\u00ed \u010d\u00e1st tykadla, u samic je v\u011bj\u00ed\u0159 z\u0159eteln\u011b men\u0161\u00ed ne\u017e zb\u00fdvaj\u00edc\u00ed \u010d\u00e1st tykadla. <\/p>\n\n\n<style type=\"text\/css\">\n#foogallery-gallery-3676 .fg-image { width: 560px; }\n#foogallery-gallery-3676 { --fg-gutter: 10px; }<\/style>\n\t\t\t<div class=\"foogallery foogallery-container foogallery-default foogallery-lightbox-none fg-left fg-default fg-ready fg-light fg-border-thin fg-shadow-outline fg-loading-default fg-loaded-fade-in fg-caption-always fg-hover-fade fg-hover-zoom\" id=\"foogallery-gallery-3676\" data-foogallery=\"{&quot;item&quot;:{&quot;showCaptionTitle&quot;:true,&quot;showCaptionDescription&quot;:false},&quot;lazy&quot;:true}\" style=\"--fg-title-line-clamp: 0; --fg-description-line-clamp: 0;\" >\n\t<div class=\"fg-item fg-type-image fg-idle\"><figure class=\"fg-item-inner\"><a href=\"https:\/\/rumex.mendelu.cz\/atlasposkozenidrevin\/wp-content\/uploads\/2020\/03\/chroust_madalovy_3-instar.jpg\" data-caption-title=\"Ponravy 3. instaru.\" data-attachment-id=\"3668\" data-type=\"image\" class=\"fg-thumb\"><span class=\"fg-image-wrap\"><img fetchpriority=\"high\" decoding=\"async\" title=\"Ponravy 3. instaru.\" width=\"560\" height=\"430\" class=\"skip-lazy fg-image\" data-src-fg=\"https:\/\/rumex.mendelu.cz\/atlasposkozenidrevin\/wp-content\/uploads\/cache\/2020\/03\/chroust_madalovy_3-instar\/388334998.jpg\" src=\"data:image\/svg+xml,%3Csvg%20xmlns%3D%22http%3A%2F%2Fwww.w3.org%2F2000%2Fsvg%22%20width%3D%22560%22%20height%3D%22430%22%20viewBox%3D%220%200%20560%20430%22%3E%3C%2Fsvg%3E\" loading=\"eager\"><\/span><span class=\"fg-image-overlay\"><\/span><\/a><figcaption class=\"fg-caption\"><div class=\"fg-caption-inner\"><div class=\"fg-caption-title\">Ponravy 3. instaru.<\/div><\/div><\/figcaption><\/figure><div class=\"fg-loader\"><\/div><\/div><div class=\"fg-item fg-type-image fg-idle\"><figure class=\"fg-item-inner\"><a href=\"https:\/\/rumex.mendelu.cz\/atlasposkozenidrevin\/wp-content\/uploads\/2020\/03\/chroust_madalovy_2015-4.jpg\" data-caption-title=\"Sami\u010dka chrousta, Bzenecko 2015.\" data-attachment-id=\"3670\" data-type=\"image\" class=\"fg-thumb\"><span class=\"fg-image-wrap\"><img decoding=\"async\" title=\"Sami\u010dka chrousta, Bzenecko 2015.\" width=\"560\" height=\"430\" class=\"skip-lazy fg-image\" data-src-fg=\"https:\/\/rumex.mendelu.cz\/atlasposkozenidrevin\/wp-content\/uploads\/cache\/2020\/03\/chroust_madalovy_2015-4\/836309806.jpg\" src=\"data:image\/svg+xml,%3Csvg%20xmlns%3D%22http%3A%2F%2Fwww.w3.org%2F2000%2Fsvg%22%20width%3D%22560%22%20height%3D%22430%22%20viewBox%3D%220%200%20560%20430%22%3E%3C%2Fsvg%3E\" loading=\"eager\"><\/span><span class=\"fg-image-overlay\"><\/span><\/a><figcaption class=\"fg-caption\"><div class=\"fg-caption-inner\"><div class=\"fg-caption-title\">Sami\u010dka chrousta, Bzenecko 2015.<\/div><\/div><\/figcaption><\/figure><div class=\"fg-loader\"><\/div><\/div><div class=\"fg-item fg-type-image fg-idle\"><figure class=\"fg-item-inner\"><a href=\"https:\/\/rumex.mendelu.cz\/atlasposkozenidrevin\/wp-content\/uploads\/2020\/03\/chroust_madalovy_2015-3.jpg\" data-caption-title=\"Kopuluj\u00edc\u00ed brouci, Bzenecko 2015.\" data-attachment-id=\"3669\" data-type=\"image\" class=\"fg-thumb\"><span class=\"fg-image-wrap\"><img decoding=\"async\" title=\"Kopuluj\u00edc\u00ed brouci, Bzenecko 2015.\" width=\"560\" height=\"430\" class=\"skip-lazy fg-image\" data-src-fg=\"https:\/\/rumex.mendelu.cz\/atlasposkozenidrevin\/wp-content\/uploads\/cache\/2020\/03\/chroust_madalovy_2015-3\/4143033711.jpg\" src=\"data:image\/svg+xml,%3Csvg%20xmlns%3D%22http%3A%2F%2Fwww.w3.org%2F2000%2Fsvg%22%20width%3D%22560%22%20height%3D%22430%22%20viewBox%3D%220%200%20560%20430%22%3E%3C%2Fsvg%3E\" loading=\"eager\"><\/span><span class=\"fg-image-overlay\"><\/span><\/a><figcaption class=\"fg-caption\"><div class=\"fg-caption-inner\"><div class=\"fg-caption-title\">Kopuluj\u00edc\u00ed brouci, Bzenecko 2015.<\/div><\/div><\/figcaption><\/figure><div class=\"fg-loader\"><\/div><\/div><div class=\"fg-item fg-type-image fg-idle\"><figure class=\"fg-item-inner\"><a href=\"https:\/\/rumex.mendelu.cz\/atlasposkozenidrevin\/wp-content\/uploads\/2020\/03\/chroust_madalovy_2015-5.jpg\" data-caption-title=\"Sklepan\u00ed chrousti, Bzenecko 2015.\" data-attachment-id=\"3671\" data-type=\"image\" class=\"fg-thumb\"><span class=\"fg-image-wrap\"><img decoding=\"async\" title=\"Sklepan\u00ed chrousti, Bzenecko 2015.\" width=\"560\" height=\"430\" class=\"skip-lazy fg-image\" data-src-fg=\"https:\/\/rumex.mendelu.cz\/atlasposkozenidrevin\/wp-content\/uploads\/cache\/2020\/03\/chroust_madalovy_2015-5\/583239116.jpg\" src=\"data:image\/svg+xml,%3Csvg%20xmlns%3D%22http%3A%2F%2Fwww.w3.org%2F2000%2Fsvg%22%20width%3D%22560%22%20height%3D%22430%22%20viewBox%3D%220%200%20560%20430%22%3E%3C%2Fsvg%3E\" loading=\"eager\"><\/span><span class=\"fg-image-overlay\"><\/span><\/a><figcaption class=\"fg-caption\"><div class=\"fg-caption-inner\"><div class=\"fg-caption-title\">Sklepan\u00ed chrousti, Bzenecko 2015.<\/div><\/div><\/figcaption><\/figure><div class=\"fg-loader\"><\/div><\/div><\/div>\n\n\n\n<p><\/p>\n\n\n\n<p><strong>EKOLOGIE DRUHU: <\/strong>V\u00fdvoj trv\u00e1 v z\u00e1vislosti na klimatick\u00fdch podm\u00ednk\u00e1ch v\u011bt\u0161inou 3 nebo 4 roky, vz\u00e1cn\u011b i 5 let. V&nbsp;na\u0161ich sou\u010dasn\u00fdch grada\u010dn\u00edch oblastech JV Moravy a Polab\u00ed je v\u00fdvoj \u010dty\u0159let\u00fd. Rojen\u00ed za\u010d\u00edn\u00e1 podle po\u010das\u00ed a nadmo\u0159sk\u00e9 v\u00fd\u0161ky v obdob\u00ed od druh\u00e9 poloviny dubna do za\u010d\u00e1tku kv\u011btna. Vrchol\u00ed do dvou t\u00fddn\u016f od objeven\u00ed se prvn\u00edch brouk\u016f. Po vyl\u00edhnut\u00ed chrousti nal\u00e9t\u00e1vaj\u00ed na listnat\u00e9 stromy, kde se b\u011bhem \u00fa\u017eivn\u00e9ho \u017e\u00edru p\u00e1\u0159\u00ed. Oplodn\u011bn\u00e9 sami\u010dky n\u00e1sledn\u011b kladou vaj\u00ed\u010dka do p\u016fdy. N\u00e1sleduj\u00edc\u00ed v\u00fdvoj larev je pops\u00e1n pro \u010dty\u0159let\u00fd cyklus. Larvy prvn\u00edho instaru se l\u00edhnou z vaj\u00ed\u010dek po 30\u201340 dnech (VI.\u2013VII.), setrv\u00e1vaj\u00ed pohromad\u011b a jako zdroj potravy jim posta\u010d\u00ed humusov\u00e9 \u010d\u00e1stice, v&nbsp;p\u0159\u00edpad\u011b jejich nedostatku konzumuj\u00ed jemn\u00e9 ko\u0159eny rostlin. Po p\u0159ezimov\u00e1n\u00ed hloub\u011bji v&nbsp;p\u016fd\u011b (nej\u010dast\u011bji 30\u201360 cm) se p\u0159emis\u0165uj\u00ed do podpovrchov\u00e9 vrstvy p\u016fdy, kde pokra\u010duj\u00ed ve v\u00fdvoji a v \u010dervenci se m\u011bn\u00ed v larvu 2. instaru, kter\u00e1 z&nbsp;po\u010d\u00e1tku rovn\u011b\u017e o\u017e\u00edr\u00e1 jemn\u00e9 ko\u0159\u00ednky. N\u00e1sleduj\u00edc\u00ed rok prob\u00edh\u00e1 v\u00fdvoj obdobn\u011b s p\u0159em\u011bnou 2. instaru ve 3. Instar. Ponravy obou t\u011bchto instar\u016f o\u017e\u00edraj\u00ed ko\u0159eny, u star\u0161\u00edch stromk\u016f pak k\u016fru na siln\u011bj\u0161\u00edch ko\u0159enech. Dal\u0161\u00ed rok ponravy 3. instaru po p\u0159ezimov\u00e1n\u00ed op\u011bt vyl\u00e9zaj\u00ed do povrchov\u00fdch vrstev k \u017e\u00edru. V \u010dervenci a\u017e srpnu se p\u0159esouvaj\u00ed do hloubky 20\u201350 cm i v\u00edce, kde se kukl\u00ed. Po 3\u20134 (pop\u0159. a\u017e 5) t\u00fddnech se l\u00edhnou nov\u00ed brouci, kte\u0159\u00ed z\u016fst\u00e1vaj\u00ed v kukeln\u00ed kom\u016frce a\u017e do jara.<\/p>\n\n\n\n<p><strong>V\u00ddZNAM DRUHU: <\/strong>Ponravy intenzivn\u011b \u0161kod\u00ed na 1\u20132let\u00fdch kultur\u00e1ch 1\u20132 roky po siln\u00e9m rojen\u00ed. Dok\u00e1\u017eou v\u0161ak zni\u010dit i odrostl\u00e9 sazenice, a to i na v\u011bt\u0161\u00edch ploch\u00e1ch. Sazenice nerostou, \u017eloutnou a postupn\u011b usychaj\u00ed. Po vyta\u017een\u00ed stromku z p\u016fdy je na ko\u0159enech patrn\u00fd \u017e\u00edr \u2013 ten\u010d\u00ed ko\u0159\u00ednky obvykle chyb\u00ed, siln\u011bj\u0161\u00ed ko\u0159eny jsou ohryz\u00e1ny a \u010dasto zb\u00fdvaj\u00ed jen jejich pah\u00fdly. D\u016fsledky siln\u00fdch \u017e\u00edr\u016f dosp\u011blc\u016f jsou ovlivn\u011bny pr\u016fb\u011bhem po\u010das\u00ed, pokud \u017e\u00edr nen\u00ed kombinov\u00e1n se siln\u00fdm sr\u00e1\u017ekov\u00fdm deficitem, doch\u00e1z\u00ed k obnov\u011b asimila\u010dn\u00edho apar\u00e1tu s odpov\u00eddaj\u00edc\u00ed ztr\u00e1tou na p\u0159\u00edr\u016fstu.<\/p>\n\n\n\n<p>Podrobn\u00e9 informace najdete v&nbsp;publikaci: <a href=\"https:\/\/lesycr.cz\/wp-content\/uploads\/2016\/03\/CHROUST_zprava_FINAL_6.11.2019_Optimized.pdf\">Kula et al. 2019. MO\u017dNOSTI SN\u00cd\u017dEN\u00cd \u0160KOD CHROUSTEM MA\u010eALOV\u00ddM (MELOLONTHA HIPPOCASTANI FABR.) V \u00daZEM\u00cd LS STR\u00c1\u017dNICE<\/a> <\/p>\n\n\n<style type=\"text\/css\">\n#foogallery-gallery-3678 .fg-image { width: 560px; }\n#foogallery-gallery-3678 { --fg-gutter: 10px; }<\/style>\n\t\t\t<div class=\"foogallery foogallery-container foogallery-default foogallery-lightbox-none fg-left fg-default fg-ready fg-light fg-border-thin fg-shadow-outline fg-loading-default fg-loaded-fade-in fg-caption-always fg-hover-fade fg-hover-zoom\" id=\"foogallery-gallery-3678\" data-foogallery=\"{&quot;item&quot;:{&quot;showCaptionTitle&quot;:true,&quot;showCaptionDescription&quot;:false},&quot;lazy&quot;:true}\" style=\"--fg-title-line-clamp: 0; --fg-description-line-clamp: 0;\" >\n\t<div class=\"fg-item fg-type-image fg-idle\"><figure class=\"fg-item-inner\"><a href=\"https:\/\/rumex.mendelu.cz\/atlasposkozenidrevin\/wp-content\/uploads\/2020\/03\/chroust_madalovy_2017-1.jpg\" data-caption-title=\"Duby posti\u017een\u00e9 \u017e\u00edrem ponrav na ko\u0159enech, Bzenecko 2017.\" data-attachment-id=\"3674\" data-type=\"image\" class=\"fg-thumb\"><span class=\"fg-image-wrap\"><img decoding=\"async\" title=\"Duby posti\u017een\u00e9 \u017e\u00edrem ponrav na ko\u0159enech, Bzenecko 2017.\" width=\"560\" height=\"430\" class=\"skip-lazy fg-image\" data-src-fg=\"https:\/\/rumex.mendelu.cz\/atlasposkozenidrevin\/wp-content\/uploads\/cache\/2020\/03\/chroust_madalovy_2017-1\/1761157126.jpg\" src=\"data:image\/svg+xml,%3Csvg%20xmlns%3D%22http%3A%2F%2Fwww.w3.org%2F2000%2Fsvg%22%20width%3D%22560%22%20height%3D%22430%22%20viewBox%3D%220%200%20560%20430%22%3E%3C%2Fsvg%3E\" loading=\"eager\"><\/span><span class=\"fg-image-overlay\"><\/span><\/a><figcaption class=\"fg-caption\"><div class=\"fg-caption-inner\"><div class=\"fg-caption-title\">Duby posti\u017een\u00e9 \u017e\u00edrem ponrav na ko\u0159enech, Bzenecko 2017.<\/div><\/div><\/figcaption><\/figure><div class=\"fg-loader\"><\/div><\/div><div class=\"fg-item fg-type-image fg-idle\"><figure class=\"fg-item-inner\"><a href=\"https:\/\/rumex.mendelu.cz\/atlasposkozenidrevin\/wp-content\/uploads\/2020\/03\/chroust_madalovy_2015-2.jpg\" data-caption-title=\"Brouci p\u0159i \u017e\u00edru v korun\u00e1ch, Bzenecko 2015.\" data-attachment-id=\"3672\" data-type=\"image\" class=\"fg-thumb\"><span class=\"fg-image-wrap\"><img decoding=\"async\" title=\"Brouci p\u0159i \u017e\u00edru v korun\u00e1ch, Bzenecko 2015.\" width=\"560\" height=\"430\" class=\"skip-lazy fg-image\" data-src-fg=\"https:\/\/rumex.mendelu.cz\/atlasposkozenidrevin\/wp-content\/uploads\/cache\/2020\/03\/chroust_madalovy_2015-2\/1320388627.jpg\" src=\"data:image\/svg+xml,%3Csvg%20xmlns%3D%22http%3A%2F%2Fwww.w3.org%2F2000%2Fsvg%22%20width%3D%22560%22%20height%3D%22430%22%20viewBox%3D%220%200%20560%20430%22%3E%3C%2Fsvg%3E\" loading=\"eager\"><\/span><span class=\"fg-image-overlay\"><\/span><\/a><figcaption class=\"fg-caption\"><div class=\"fg-caption-inner\"><div class=\"fg-caption-title\">Brouci p\u0159i \u017e\u00edru v korun\u00e1ch, Bzenecko 2015.<\/div><\/div><\/figcaption><\/figure><div class=\"fg-loader\"><\/div><\/div><\/div>\n\n\n<style type=\"text\/css\">\n#foogallery-gallery-3679 .fg-image { width: 560px; }\n#foogallery-gallery-3679 { --fg-gutter: 10px; }<\/style>\n\t\t\t<div class=\"foogallery foogallery-container foogallery-default foogallery-lightbox-none fg-left fg-default fg-ready fg-light fg-border-thin fg-shadow-outline fg-loading-default fg-loaded-fade-in fg-caption-always fg-hover-fade fg-hover-zoom\" id=\"foogallery-gallery-3679\" data-foogallery=\"{&quot;item&quot;:{&quot;showCaptionTitle&quot;:true,&quot;showCaptionDescription&quot;:false},&quot;lazy&quot;:true}\" style=\"--fg-title-line-clamp: 0; --fg-description-line-clamp: 0;\" >\n\t<div class=\"fg-item fg-type-image fg-idle\"><figure class=\"fg-item-inner\"><a href=\"https:\/\/rumex.mendelu.cz\/atlasposkozenidrevin\/wp-content\/uploads\/2020\/03\/chroust_madalovy_2015-1.jpg\" data-caption-title=\"Holo\u017e\u00edr v mlad\u00e9m porostu, Bzenecko 2015.\" data-attachment-id=\"3673\" data-type=\"image\" class=\"fg-thumb\"><span class=\"fg-image-wrap\"><img decoding=\"async\" title=\"Holo\u017e\u00edr v mlad\u00e9m porostu, Bzenecko 2015.\" width=\"560\" height=\"600\" class=\"skip-lazy fg-image\" data-src-fg=\"https:\/\/rumex.mendelu.cz\/atlasposkozenidrevin\/wp-content\/uploads\/cache\/2020\/03\/chroust_madalovy_2015-1\/1057031452.jpg\" src=\"data:image\/svg+xml,%3Csvg%20xmlns%3D%22http%3A%2F%2Fwww.w3.org%2F2000%2Fsvg%22%20width%3D%22560%22%20height%3D%22600%22%20viewBox%3D%220%200%20560%20600%22%3E%3C%2Fsvg%3E\" loading=\"eager\"><\/span><span class=\"fg-image-overlay\"><\/span><\/a><figcaption class=\"fg-caption\"><div class=\"fg-caption-inner\"><div class=\"fg-caption-title\">Holo\u017e\u00edr v mlad\u00e9m porostu, Bzenecko 2015.<\/div><\/div><\/figcaption><\/figure><div class=\"fg-loader\"><\/div><\/div><div class=\"fg-item fg-type-image fg-idle\"><figure class=\"fg-item-inner\"><a href=\"https:\/\/rumex.mendelu.cz\/atlasposkozenidrevin\/wp-content\/uploads\/2020\/03\/chroust_madalovy_2015-6.jpg\" data-caption-title=\"Nepo\u0161kozen\u00e1 l\u00edpa mezi duby s holo\u017e\u00edrem, Bzenecko 2015.\" data-attachment-id=\"3675\" data-type=\"image\" class=\"fg-thumb\"><span class=\"fg-image-wrap\"><img decoding=\"async\" title=\"Nepo\u0161kozen\u00e1 l\u00edpa mezi duby s holo\u017e\u00edrem, Bzenecko 2015.\" width=\"560\" height=\"600\" class=\"skip-lazy fg-image\" data-src-fg=\"https:\/\/rumex.mendelu.cz\/atlasposkozenidrevin\/wp-content\/uploads\/cache\/2020\/03\/chroust_madalovy_2015-6\/2582934478.jpg\" src=\"data:image\/svg+xml,%3Csvg%20xmlns%3D%22http%3A%2F%2Fwww.w3.org%2F2000%2Fsvg%22%20width%3D%22560%22%20height%3D%22600%22%20viewBox%3D%220%200%20560%20600%22%3E%3C%2Fsvg%3E\" loading=\"eager\"><\/span><span class=\"fg-image-overlay\"><\/span><\/a><figcaption class=\"fg-caption\"><div class=\"fg-caption-inner\"><div class=\"fg-caption-title\">Nepo\u0161kozen\u00e1 l\u00edpa mezi duby s holo\u017e\u00edrem, Bzenecko 2015.<\/div><\/div><\/figcaption><\/figure><div class=\"fg-loader\"><\/div><\/div><\/div>\n","protected":false},"excerpt":{"rendered":"<p>Melolontha hippocastani Fabricius, 1801 TAXONOMICK\u00c9 ZA\u0158AZEN\u00cd: \u0158\u00e1d: brouci (Coleoptera) \u010cele\u010f: vrubounovit\u00ed (Scarabaeidae) HOSTITELSK\u00c9 D\u0158EVINY: Jde [&hellip;]<\/p>\n","protected":false},"author":4,"featured_media":0,"parent":0,"menu_order":0,"comment_status":"closed","ping_status":"closed","template":"template-full-width.php","meta":{"footnotes":""},"class_list":["post-3660","page","type-page","status-publish","hentry"],"_links":{"self":[{"href":"https:\/\/rumex.mendelu.cz\/atlasposkozenidrevin\/index.php\/wp-json\/wp\/v2\/pages\/3660","targetHints":{"allow":["GET"]}}],"collection":[{"href":"https:\/\/rumex.mendelu.cz\/atlasposkozenidrevin\/index.php\/wp-json\/wp\/v2\/pages"}],"about":[{"href":"https:\/\/rumex.mendelu.cz\/atlasposkozenidrevin\/index.php\/wp-json\/wp\/v2\/types\/page"}],"author":[{"embeddable":true,"href":"https:\/\/rumex.mendelu.cz\/atlasposkozenidrevin\/index.php\/wp-json\/wp\/v2\/users\/4"}],"replies":[{"embeddable":true,"href":"https:\/\/rumex.mendelu.cz\/atlasposkozenidrevin\/index.php\/wp-json\/wp\/v2\/comments?post=3660"}],"version-history":[{"count":10,"href":"https:\/\/rumex.mendelu.cz\/atlasposkozenidrevin\/index.php\/wp-json\/wp\/v2\/pages\/3660\/revisions"}],"predecessor-version":[{"id":3710,"href":"https:\/\/rumex.mendelu.cz\/atlasposkozenidrevin\/index.php\/wp-json\/wp\/v2\/pages\/3660\/revisions\/3710"}],"wp:attachment":[{"href":"https:\/\/rumex.mendelu.cz\/atlasposkozenidrevin\/index.php\/wp-json\/wp\/v2\/media?parent=3660"}],"curies":[{"name":"wp","href":"https:\/\/api.w.org\/{rel}","templated":true}]}}