{"id":1319,"date":"2020-02-05T13:23:38","date_gmt":"2020-02-05T12:23:38","guid":{"rendered":"http:\/\/rumex.mendelu.cz\/atlasposkozenidrevin\/?page_id=1319"},"modified":"2024-11-06T16:37:17","modified_gmt":"2024-11-06T15:37:17","slug":"poskozeni-lavinami","status":"publish","type":"page","link":"https:\/\/rumex.mendelu.cz\/atlasposkozenidrevin\/index.php\/poskozeni-lavinami\/","title":{"rendered":"Po\u0161kozen\u00ed lavinami"},"content":{"rendered":"\n<p><strong>PO\u0160KOZOVAN\u00c9 D\u0158EVINY:<\/strong> v\u0161echny druhy d\u0159evin<\/p>\n\n\n\n<p><strong>DEFINICE:<\/strong> Lavina je n\u00e1hl\u00e9 uvoln\u011bn\u00ed a n\u00e1sledn\u00fd rychl\u00fd sesuv sn\u011bhov\u00e9 hmoty po dr\u00e1ze del\u0161\u00ed ne\u017e 50 m a minim\u00e1ln\u00edm objemu 1 000 metr\u016f krychlov\u00fdch. Zjednodu\u0161en\u011b jde o takov\u00fd sesuv sn\u011bhu, kter\u00fd ohro\u017euje lidsk\u00fd \u017eivot. Sesuvy men\u0161\u00edch rozm\u011br\u016f ozna\u010dujeme jako sn\u011bhov\u00e9 splazy.<\/p>\n\n\n\n<p><strong>POPIS PO\u0160KOZEN\u00cd:<\/strong> Lavina p\u0159er\u00e1\u017e\u00ed a l\u00e1me kmeny strom\u016f, od\u00edr\u00e1 k\u016fru z&nbsp;okrajov\u00fdch strom\u016f. V&nbsp;p\u0159\u00edpad\u011b t\u011b\u017e\u0161\u00edho mokr\u00e9ho sn\u011bhu \u010di v\u011bt\u0161\u00edch lavin doch\u00e1z\u00ed k&nbsp;\u00fapln\u00e9 destrukci porostu a k&nbsp;rozs\u00e1hl\u00fdm po\u0161kozen\u00edm prost\u0159ed\u00ed (str\u017een\u00ed balvan\u016f, p\u016fdy). Nahromad\u011bn\u00fd sn\u00edh se udr\u017e\u00ed dlouho do l\u00e9ta \u2013 sekund\u00e1rn\u011b tak doch\u00e1z\u00ed k&nbsp;zni\u010den\u00ed mlad\u00fdch stromk\u016f poh\u0159ben\u00fdch pod masou sn\u011bhu.&nbsp; Pomalu taj\u00edc\u00ed masa sn\u011bhu vede k&nbsp;zpo\u017ed\u011bn\u00ed vegetace kolem z\u00e1v\u011bru laviny, mohou tak\u00e9 vzniknout do\u010dasn\u00e1 jez\u00edrka vody. Z\u00e1rove\u0148 se mohou objevit \u010detn\u00e1 nep\u0159\u00edm\u00e1 po\u0161kozen\u00ed, v\u00edtr destruuje nov\u011b vznikl\u00e9 porostn\u00ed st\u011bny \u010di zbyl\u00e9 osamocen\u011b stoj\u00edc\u00ed stromy. Po\u0161kozen\u00e9 stromy jsou napad\u00e1ny k\u016frovci, zejm\u00e9na l\u00fdko\u017eroutem smrkov\u00fdm. Lavinov\u00e9 pr\u016frvy zar\u016fstaj\u00ed bylinnou vegetac\u00ed s&nbsp;komplikovanou obnovou lesa. <\/p>\n\n\n<style type=\"text\/css\">\n#foogallery-gallery-2532 .fg-image { width: 560px; }\n#foogallery-gallery-2532 { --fg-gutter: 10px; }<\/style>\n\t\t\t<div class=\"foogallery foogallery-container foogallery-default foogallery-lightbox-none fg-left fg-default fg-ready fg-light fg-border-thin fg-shadow-outline fg-loading-default fg-loaded-fade-in fg-caption-always fg-hover-fade fg-hover-zoom\" id=\"foogallery-gallery-2532\" data-foogallery=\"{&quot;item&quot;:{&quot;showCaptionTitle&quot;:true,&quot;showCaptionDescription&quot;:true},&quot;lazy&quot;:true}\" style=\"--fg-title-line-clamp: 0; --fg-description-line-clamp: 0;\" >\n\t<div class=\"fg-item fg-type-image fg-idle\"><figure class=\"fg-item-inner\"><a href=\"https:\/\/rumex.mendelu.cz\/atlasposkozenidrevin\/wp-content\/uploads\/2024\/11\/006-2009-04-03-218-posledna-zakruta-cesty-v-Ziarskej-doline-po-lavine-storocia.jpg\" data-caption-title=\"Lavina v \u017diarskej doline, 3. 4. 2009.\" data-attachment-id=\"4367\" data-type=\"image\" class=\"fg-thumb\"><span class=\"fg-image-wrap\"><img fetchpriority=\"high\" decoding=\"async\" title=\"Lavina v \u017diarskej doline, 3. 4. 2009.\" width=\"560\" height=\"430\" class=\"skip-lazy fg-image\" data-src-fg=\"https:\/\/rumex.mendelu.cz\/atlasposkozenidrevin\/wp-content\/uploads\/cache\/2024\/11\/006-2009-04-03-218-posledna-zakruta-cesty-v-Ziarskej-doline-po-lavine-storocia\/2451458472.jpg\" src=\"data:image\/svg+xml,%3Csvg%20xmlns%3D%22http%3A%2F%2Fwww.w3.org%2F2000%2Fsvg%22%20width%3D%22560%22%20height%3D%22430%22%20viewBox%3D%220%200%20560%20430%22%3E%3C%2Fsvg%3E\" loading=\"eager\"><\/span><span class=\"fg-image-overlay\"><\/span><\/a><figcaption class=\"fg-caption\"><div class=\"fg-caption-inner\"><div class=\"fg-caption-title\">Lavina v \u017diarskej doline, 3. 4. 2009.<\/div><\/div><\/figcaption><\/figure><div class=\"fg-loader\"><\/div><\/div><div class=\"fg-item fg-type-image fg-idle\"><figure class=\"fg-item-inner\"><a href=\"https:\/\/rumex.mendelu.cz\/atlasposkozenidrevin\/wp-content\/uploads\/2024\/11\/016-2009-06-05-036-storocna-lavina-posunula-rozhranie-lesa-a-pasma-lavin-o-cca-500-700-m-nizsie.jpg\" data-caption-title=\"Lavinov\u00e1 dr\u00e1ha \u2013 posun rozhran\u00ed lesa a p\u00e1sma lavin o 500\u2013700 m, 5. 6. 2009.\" data-attachment-id=\"4371\" data-type=\"image\" class=\"fg-thumb\"><span class=\"fg-image-wrap\"><img decoding=\"async\" title=\"Lavinov\u00e1 dr\u00e1ha \u2013 posun rozhran\u00ed lesa a p\u00e1sma lavin o 500\u2013700 m, 5. 6. 2009.\" width=\"560\" height=\"430\" class=\"skip-lazy fg-image\" data-src-fg=\"https:\/\/rumex.mendelu.cz\/atlasposkozenidrevin\/wp-content\/uploads\/cache\/2024\/11\/016-2009-06-05-036-storocna-lavina-posunula-rozhranie-lesa-a-pasma-lavin-o-cca-500-700-m-nizsie\/3703238312.jpg\" src=\"data:image\/svg+xml,%3Csvg%20xmlns%3D%22http%3A%2F%2Fwww.w3.org%2F2000%2Fsvg%22%20width%3D%22560%22%20height%3D%22430%22%20viewBox%3D%220%200%20560%20430%22%3E%3C%2Fsvg%3E\" loading=\"eager\"><\/span><span class=\"fg-image-overlay\"><\/span><\/a><figcaption class=\"fg-caption\"><div class=\"fg-caption-inner\"><div class=\"fg-caption-title\">Lavinov\u00e1 dr\u00e1ha \u2013 posun rozhran\u00ed lesa a p\u00e1sma lavin o 500\u2013700 m, 5. 6. 2009.<\/div><\/div><\/figcaption><\/figure><div class=\"fg-loader\"><\/div><\/div><\/div>\n\n\n\n<p><\/p>\n\n\n\n<p><strong>PROTILAVINOV\u00c9 \u00da\u010cINKY LESA<\/strong><br>Les m\u016f\u017ee m\u00edt na druhou stranu v\u00fdznamn\u00fd protilavinov\u00fd \u00fa\u010dinek omezuj\u00edc\u00ed \u0161kody na \u017eivotech a majetku. Nezbytn\u00fdmi podm\u00ednkami je vhodnost ekotypu, dobr\u00fd zdravotn\u00ed stav a odpov\u00eddaj\u00edc\u00ed struktura porostu, zejm\u00e9na dostate\u010dn\u00e1 hustota porostu. Porost s po\u010dtem alespo\u0148 1000 strom\u016f na hektar stabilizuje sn\u011bhovou pokr\u00fdvku a zabra\u0148uje odtrhu lavin, i p\u0159i men\u0161\u00edm po\u010dtu strom\u016f m\u016f\u017ee les zabr\u00e1nit vzniku deskov\u00fdch a z\u00e1kladov\u00fdch lavin a zna\u010dn\u011b omezit vznik lavin sypk\u00e9ho sn\u011bhu. \u010c\u00edm v\u011bt\u0161\u00ed je sklon svahu, t\u00edm men\u0161\u00ed je stabilita sn\u011bhov\u00e9 pokr\u00fdvky a t\u00edm je tak\u00e9 nezbytn\u00fd v\u011bt\u0161\u00ed po\u010det strom\u016f na plo\u0161e. Dostate\u010dn\u00e1 mechanick\u00e1 stabilita je zaji\u0161t\u011bna a\u017e p\u0159i dosa\u017een\u00ed pat\u0159i\u010dn\u00fdch tlou\u0161t\u011bk kmen\u016f, bezpe\u010dn\u00e9 statick\u00e9 p\u016fsoben\u00ed lesa za\u010d\u00edn\u00e1 p\u0159i pr\u016fm\u011bru cca 16 cm (samoz\u0159ejm\u011b je v\u0161e z\u00e1visl\u00e9 na druhu d\u0159eviny a dal\u0161\u00edch okolnostech). Nejstabiln\u011bj\u0161\u00ed budou porosty bohat\u011b strukturovan\u00e9 \u2013 v\u00edceet\u00e1\u017eov\u00e9, sm\u00ed\u0161en\u00e9 a r\u016fznov\u011bk\u00e9. Obecn\u011b nejvhodn\u011bj\u0161\u00ed d\u0159eviny s\u00a0vysok\u00fdm protilavinov\u00fdm \u00fa\u010dinkem jsou mod\u0159\u00edn opadav\u00fd, borovice limba, javor klen, je\u0159\u00e1b pta\u010d\u00ed a na vlh\u010d\u00edch poloh\u00e1ch, kde nejsou vhodn\u00e9 podm\u00ednky pro p\u0159edchoz\u00ed d\u0159eviny, pak vrby a ol\u0161e zelen\u00e1. Smrk ztepil\u00fd je vhodn\u00fd z\u00a0hlediska dosa\u017eiteln\u00fdch hustot porostu, bohatosti v\u011btven\u00ed, nev\u00fdhodou je jeho m\u011blk\u00e9 ko\u0159en\u011bn\u00ed. Protilavinov\u00fd \u00fa\u010dinek kosod\u0159eviny je sporn\u00fd, na jednu stranu br\u00e1n\u00ed v\u011bt\u0161\u00edmu po\u0161kozen\u00ed p\u016fdy (je schopn\u00e1 p\u0159e\u017e\u00edt pohyb laviny), na druh\u00e9 stran\u011b p\u0159isp\u00edv\u00e1 k\u00a0nadr\u017een\u00ed sn\u011bhu a tak i k\u00a0v\u011bt\u0161\u00edmu ni\u010div\u00e9mu \u00fa\u010dinku lavin \u2013 zejm\u00e9na na ja\u0159e po p\u00e1du tzv. z\u00e1kladov\u00fdch lavin, kdy doch\u00e1z\u00ed k sesunu ve\u0161ker\u00e9ho naakumulovan\u00e9ho mno\u017estv\u00ed sn\u011bhu p\u016fsoben\u00edm vody st\u00e9kaj\u00edc\u00ed po podlo\u017e\u00ed (mokr\u00e1 polehl\u00e1 kosod\u0159evina) p\u0159i jarn\u00edmu t\u00e1n\u00ed sn\u011bhu.<\/p>\n\n\n\n<p>LAVINA V \u017dIARSKEJ DOLINE 25. 3. 2009<\/p>\n\n\n\n<p>Zde publikovan\u00e9 fotografie Pavla Gavl\u00e1ka dokumentuj\u00ed \u00fa\u010dinky zat\u00edm nejv\u011bt\u0161\u00ed slovensk\u00e9 laviny. Podle m\u011b\u0159en\u00ed pracovn\u00edk\u016f \u00dastavu geoinforma\u010dn\u00edch technologi\u00ed LDF Mendelu v&nbsp;Brn\u011b a Strediska lav\u00ednovej prevencie byla plocha laviny po 3 t\u00fddnech od jej\u00edho p\u00e1du 28 ha. V\u00fd\u0161ka sn\u011bhov\u00e9 masy byla a\u017e 20 m. Celkov\u00e9 mno\u017estv\u00ed sn\u011bhu akumulovan\u00e9ho v lavin\u011b bylo 1,89 mili\u00f3n\u016f metr\u016f krychlov\u00fdch, pokud by byl sn\u00edh na plo\u0161e laviny rovnom\u011brn\u011b rozlo\u017een\u00fd, dosahoval by v\u00fd\u0161ky 6 m. Posledn\u00ed sn\u00edh z&nbsp;t\u00e9to obrovsk\u00e9 masy sn\u011bhu rozt\u00e1l a\u017e v&nbsp;\u010dervnu 2011.<\/p>\n\n\n\n<p>Podrobn\u011bj\u0161\u00ed informace lze z\u00edskat na: <a href=\"http:\/\/hiking.sk\/hk\/autor\/6296\/pavol_gavlak.html\">http:\/\/hiking.sk\/hk\/autor\/6296\/pavol_gavlak.html<\/a> a <a href=\"http:\/\/www.laviny.sk\/\">http:\/\/www.laviny.sk\/<\/a><\/p>\n\n\n<style type=\"text\/css\">\n#foogallery-gallery-2534 .fg-image { width: 560px; }\n#foogallery-gallery-2534 { --fg-gutter: 10px; }<\/style>\n\t\t\t<div class=\"foogallery foogallery-container foogallery-default foogallery-lightbox-none fg-left fg-default fg-ready fg-light fg-border-thin fg-shadow-outline fg-loading-default fg-loaded-fade-in fg-caption-always fg-hover-fade fg-hover-zoom\" id=\"foogallery-gallery-2534\" data-foogallery=\"{&quot;item&quot;:{&quot;showCaptionTitle&quot;:true,&quot;showCaptionDescription&quot;:true},&quot;lazy&quot;:true}\" style=\"--fg-title-line-clamp: 0; --fg-description-line-clamp: 0;\" >\n\t<div class=\"fg-item fg-type-image fg-idle\"><figure class=\"fg-item-inner\"><a href=\"https:\/\/rumex.mendelu.cz\/atlasposkozenidrevin\/wp-content\/uploads\/2024\/11\/011-2009-05-07-332-centralny-zlab-Prislopu-najnebezpecnejsi-lavinovy-zlab-v-Ziarskej-doline.jpg\" data-caption-title=\"Centr\u00e1ln\u00ed \u017eleb Pr\u00edslopu, 7. 5. 2009.\" data-attachment-id=\"4368\" data-type=\"image\" class=\"fg-thumb\"><span class=\"fg-image-wrap\"><img decoding=\"async\" title=\"Centr\u00e1ln\u00ed \u017eleb Pr\u00edslopu, 7. 5. 2009.\" width=\"560\" height=\"430\" class=\"skip-lazy fg-image\" data-src-fg=\"https:\/\/rumex.mendelu.cz\/atlasposkozenidrevin\/wp-content\/uploads\/cache\/2024\/11\/011-2009-05-07-332-centralny-zlab-Prislopu-najnebezpecnejsi-lavinovy-zlab-v-Ziarskej-doline\/335893187.jpg\" src=\"data:image\/svg+xml,%3Csvg%20xmlns%3D%22http%3A%2F%2Fwww.w3.org%2F2000%2Fsvg%22%20width%3D%22560%22%20height%3D%22430%22%20viewBox%3D%220%200%20560%20430%22%3E%3C%2Fsvg%3E\" loading=\"eager\"><\/span><span class=\"fg-image-overlay\"><\/span><\/a><figcaption class=\"fg-caption\"><div class=\"fg-caption-inner\"><div class=\"fg-caption-title\">Centr\u00e1ln\u00ed \u017eleb Pr\u00edslopu, 7. 5. 2009.<\/div><\/div><\/figcaption><\/figure><div class=\"fg-loader\"><\/div><\/div><div class=\"fg-item fg-type-image fg-idle\"><figure class=\"fg-item-inner\"><a href=\"https:\/\/rumex.mendelu.cz\/atlasposkozenidrevin\/wp-content\/uploads\/2024\/11\/007-2009-05-27-514-lavina-z-Ciernych-stien-strhla-podny-kryt-a-poskodila-kosodrevinu-na-okraji-zlabu.jpg\" data-caption-title=\"Po\u0161kozen\u00ed p\u016fdy a kosod\u0159eviny, 27. 5. 2009.\" data-attachment-id=\"4369\" data-type=\"image\" class=\"fg-thumb\"><span class=\"fg-image-wrap\"><img decoding=\"async\" title=\"Po\u0161kozen\u00ed p\u016fdy a kosod\u0159eviny, 27. 5. 2009.\" width=\"560\" height=\"430\" class=\"skip-lazy fg-image\" data-src-fg=\"https:\/\/rumex.mendelu.cz\/atlasposkozenidrevin\/wp-content\/uploads\/cache\/2024\/11\/007-2009-05-27-514-lavina-z-Ciernych-stien-strhla-podny-kryt-a-poskodila-kosodrevinu-na-okraji-zlabu\/631761280.jpg\" src=\"data:image\/svg+xml,%3Csvg%20xmlns%3D%22http%3A%2F%2Fwww.w3.org%2F2000%2Fsvg%22%20width%3D%22560%22%20height%3D%22430%22%20viewBox%3D%220%200%20560%20430%22%3E%3C%2Fsvg%3E\" loading=\"eager\"><\/span><span class=\"fg-image-overlay\"><\/span><\/a><figcaption class=\"fg-caption\"><div class=\"fg-caption-inner\"><div class=\"fg-caption-title\">Po\u0161kozen\u00ed p\u016fdy a kosod\u0159eviny, 27. 5. 2009.<\/div><\/div><\/figcaption><\/figure><div class=\"fg-loader\"><\/div><\/div><div class=\"fg-item fg-type-image fg-idle\"><figure class=\"fg-item-inner\"><a href=\"https:\/\/rumex.mendelu.cz\/atlasposkozenidrevin\/wp-content\/uploads\/2024\/11\/002-2009-06-02-019-malokto-veril-ze-je-tam-este-tolko-snehu-bagrovanie-zakruty-so-zlomenym-mostom.jpg\" data-caption-title=\"Masa sn\u011bhu s d\u0159evem, 2. 6. 2009.\" data-attachment-id=\"4370\" data-type=\"image\" class=\"fg-thumb\"><span class=\"fg-image-wrap\"><img decoding=\"async\" title=\"Masa sn\u011bhu s d\u0159evem, 2. 6. 2009.\" width=\"560\" height=\"430\" class=\"skip-lazy fg-image\" data-src-fg=\"https:\/\/rumex.mendelu.cz\/atlasposkozenidrevin\/wp-content\/uploads\/cache\/2024\/11\/002-2009-06-02-019-malokto-veril-ze-je-tam-este-tolko-snehu-bagrovanie-zakruty-so-zlomenym-mostom\/6292695.jpg\" src=\"data:image\/svg+xml,%3Csvg%20xmlns%3D%22http%3A%2F%2Fwww.w3.org%2F2000%2Fsvg%22%20width%3D%22560%22%20height%3D%22430%22%20viewBox%3D%220%200%20560%20430%22%3E%3C%2Fsvg%3E\" loading=\"eager\"><\/span><span class=\"fg-image-overlay\"><\/span><\/a><figcaption class=\"fg-caption\"><div class=\"fg-caption-inner\"><div class=\"fg-caption-title\">Masa sn\u011bhu s d\u0159evem, 2. 6. 2009.<\/div><\/div><\/figcaption><\/figure><div class=\"fg-loader\"><\/div><\/div><div class=\"fg-item fg-type-image fg-idle\"><figure class=\"fg-item-inner\"><a href=\"https:\/\/rumex.mendelu.cz\/atlasposkozenidrevin\/wp-content\/uploads\/2024\/11\/004-2009-06-18-368-pod-vyvratmi-je-este-neroztopeny-sneh-z-laviny.jpg\" data-caption-title=\"Lavina pod v\u00fdvraty, 18. 6. 2009.\" data-attachment-id=\"4372\" data-type=\"image\" class=\"fg-thumb\"><span class=\"fg-image-wrap\"><img decoding=\"async\" title=\"Lavina pod v\u00fdvraty, 18. 6. 2009.\" width=\"560\" height=\"430\" class=\"skip-lazy fg-image\" data-src-fg=\"https:\/\/rumex.mendelu.cz\/atlasposkozenidrevin\/wp-content\/uploads\/cache\/2024\/11\/004-2009-06-18-368-pod-vyvratmi-je-este-neroztopeny-sneh-z-laviny\/2701801728.jpg\" src=\"data:image\/svg+xml,%3Csvg%20xmlns%3D%22http%3A%2F%2Fwww.w3.org%2F2000%2Fsvg%22%20width%3D%22560%22%20height%3D%22430%22%20viewBox%3D%220%200%20560%20430%22%3E%3C%2Fsvg%3E\" loading=\"eager\"><\/span><span class=\"fg-image-overlay\"><\/span><\/a><figcaption class=\"fg-caption\"><div class=\"fg-caption-inner\"><div class=\"fg-caption-title\">Lavina pod v\u00fdvraty, 18. 6. 2009.<\/div><\/div><\/figcaption><\/figure><div class=\"fg-loader\"><\/div><\/div><div class=\"fg-item fg-type-image fg-idle\"><figure class=\"fg-item-inner\"><a href=\"https:\/\/rumex.mendelu.cz\/atlasposkozenidrevin\/wp-content\/uploads\/2024\/11\/005-2009-06-25-002-nebezpecne-tunely-v-storocnej-lavine-v-Ziarskej-tadial-vidla-skratka-cez-lavinu.jpg\" data-caption-title=\"Tunely pod lavinou, 25. 6. 2009.\" data-attachment-id=\"4373\" data-type=\"image\" class=\"fg-thumb\"><span class=\"fg-image-wrap\"><img decoding=\"async\" title=\"Tunely pod lavinou, 25. 6. 2009.\" width=\"560\" height=\"430\" class=\"skip-lazy fg-image\" data-src-fg=\"https:\/\/rumex.mendelu.cz\/atlasposkozenidrevin\/wp-content\/uploads\/cache\/2024\/11\/005-2009-06-25-002-nebezpecne-tunely-v-storocnej-lavine-v-Ziarskej-tadial-vidla-skratka-cez-lavinu\/247215887.jpg\" src=\"data:image\/svg+xml,%3Csvg%20xmlns%3D%22http%3A%2F%2Fwww.w3.org%2F2000%2Fsvg%22%20width%3D%22560%22%20height%3D%22430%22%20viewBox%3D%220%200%20560%20430%22%3E%3C%2Fsvg%3E\" loading=\"eager\"><\/span><span class=\"fg-image-overlay\"><\/span><\/a><figcaption class=\"fg-caption\"><div class=\"fg-caption-inner\"><div class=\"fg-caption-title\">Tunely pod lavinou, 25. 6. 2009.<\/div><\/div><\/figcaption><\/figure><div class=\"fg-loader\"><\/div><\/div><div class=\"fg-item fg-type-image fg-idle\"><figure class=\"fg-item-inner\"><a href=\"https:\/\/rumex.mendelu.cz\/atlasposkozenidrevin\/wp-content\/uploads\/2024\/11\/015-2009-08-21-465-na-konci-prazdnin-je-na-lavinisku-stale-vela-snehu-pohlad-z-mosta.jpg\" data-caption-title=\"Letn\u00ed pohled k \u017diarskej chat\u011b, 21. 8. 2009.\" data-attachment-id=\"4374\" data-type=\"image\" class=\"fg-thumb\"><span class=\"fg-image-wrap\"><img decoding=\"async\" title=\"Letn\u00ed pohled k \u017diarskej chat\u011b, 21. 8. 2009.\" width=\"560\" height=\"430\" class=\"skip-lazy fg-image\" data-src-fg=\"https:\/\/rumex.mendelu.cz\/atlasposkozenidrevin\/wp-content\/uploads\/cache\/2024\/11\/015-2009-08-21-465-na-konci-prazdnin-je-na-lavinisku-stale-vela-snehu-pohlad-z-mosta\/517616415.jpg\" src=\"data:image\/svg+xml,%3Csvg%20xmlns%3D%22http%3A%2F%2Fwww.w3.org%2F2000%2Fsvg%22%20width%3D%22560%22%20height%3D%22430%22%20viewBox%3D%220%200%20560%20430%22%3E%3C%2Fsvg%3E\" loading=\"eager\"><\/span><span class=\"fg-image-overlay\"><\/span><\/a><figcaption class=\"fg-caption\"><div class=\"fg-caption-inner\"><div class=\"fg-caption-title\">Letn\u00ed pohled k \u017diarskej chat\u011b, 21. 8. 2009.<\/div><\/div><\/figcaption><\/figure><div class=\"fg-loader\"><\/div><\/div><div class=\"fg-item fg-type-image fg-idle\"><figure class=\"fg-item-inner\"><a href=\"https:\/\/rumex.mendelu.cz\/atlasposkozenidrevin\/wp-content\/uploads\/2024\/11\/018-2010-04-29-040-spustosene-dno-Ziarskej-doliny-po-lavine-storocia-po-roztopeni-snehu.jpg\" data-caption-title=\"Spusto\u0161en\u00e9 dno \u017diarskej doliny, 29. 4. 2010.\" data-attachment-id=\"4375\" data-type=\"image\" class=\"fg-thumb\"><span class=\"fg-image-wrap\"><img decoding=\"async\" title=\"Spusto\u0161en\u00e9 dno \u017diarskej doliny, 29. 4. 2010.\" width=\"560\" height=\"430\" class=\"skip-lazy fg-image\" data-src-fg=\"https:\/\/rumex.mendelu.cz\/atlasposkozenidrevin\/wp-content\/uploads\/cache\/2024\/11\/018-2010-04-29-040-spustosene-dno-Ziarskej-doliny-po-lavine-storocia-po-roztopeni-snehu\/248095068.jpg\" src=\"data:image\/svg+xml,%3Csvg%20xmlns%3D%22http%3A%2F%2Fwww.w3.org%2F2000%2Fsvg%22%20width%3D%22560%22%20height%3D%22430%22%20viewBox%3D%220%200%20560%20430%22%3E%3C%2Fsvg%3E\" loading=\"eager\"><\/span><span class=\"fg-image-overlay\"><\/span><\/a><figcaption class=\"fg-caption\"><div class=\"fg-caption-inner\"><div class=\"fg-caption-title\">Spusto\u0161en\u00e9 dno \u017diarskej doliny, 29. 4. 2010.<\/div><\/div><\/figcaption><\/figure><div class=\"fg-loader\"><\/div><\/div><div class=\"fg-item fg-type-image fg-idle\"><figure class=\"fg-item-inner\"><a href=\"https:\/\/rumex.mendelu.cz\/atlasposkozenidrevin\/wp-content\/uploads\/2024\/11\/021-2010-07-02-303-drevo-z-laviny-storocia-pripravene-pre-stiepkovac.jpg\" data-caption-title=\"Zpracov\u00e1n\u00ed d\u0159eva z lavinov\u00e9ho polomu \u0161t\u011bpkova\u010dem, 2. 7. 2010.\" data-attachment-id=\"4376\" data-type=\"image\" class=\"fg-thumb\"><span class=\"fg-image-wrap\"><img decoding=\"async\" title=\"Zpracov\u00e1n\u00ed d\u0159eva z lavinov\u00e9ho polomu \u0161t\u011bpkova\u010dem, 2. 7. 2010.\" width=\"560\" height=\"430\" class=\"skip-lazy fg-image\" data-src-fg=\"https:\/\/rumex.mendelu.cz\/atlasposkozenidrevin\/wp-content\/uploads\/cache\/2024\/11\/021-2010-07-02-303-drevo-z-laviny-storocia-pripravene-pre-stiepkovac\/2003711685.jpg\" src=\"data:image\/svg+xml,%3Csvg%20xmlns%3D%22http%3A%2F%2Fwww.w3.org%2F2000%2Fsvg%22%20width%3D%22560%22%20height%3D%22430%22%20viewBox%3D%220%200%20560%20430%22%3E%3C%2Fsvg%3E\" loading=\"eager\"><\/span><span class=\"fg-image-overlay\"><\/span><\/a><figcaption class=\"fg-caption\"><div class=\"fg-caption-inner\"><div class=\"fg-caption-title\">Zpracov\u00e1n\u00ed d\u0159eva z lavinov\u00e9ho polomu \u0161t\u011bpkova\u010dem, 2. 7. 2010.<\/div><\/div><\/figcaption><\/figure><div class=\"fg-loader\"><\/div><\/div><div class=\"fg-item fg-type-image fg-idle\"><figure class=\"fg-item-inner\"><a href=\"https:\/\/rumex.mendelu.cz\/atlasposkozenidrevin\/wp-content\/uploads\/2024\/11\/010-2011-03-24-159-lavina-vtedy-spadla-sucasne-aj-dole-Suchym-zlebom-spod-Holeho-vrchu.jpg\" data-caption-title=\"Polom po lavin\u011b v Such\u00e9m \u017elebu, 24. 3. 2011.\" data-attachment-id=\"4378\" data-type=\"image\" class=\"fg-thumb\"><span class=\"fg-image-wrap\"><img decoding=\"async\" title=\"Polom po lavin\u011b v Such\u00e9m \u017elebu, 24. 3. 2011.\" width=\"560\" height=\"430\" class=\"skip-lazy fg-image\" data-src-fg=\"https:\/\/rumex.mendelu.cz\/atlasposkozenidrevin\/wp-content\/uploads\/cache\/2024\/11\/010-2011-03-24-159-lavina-vtedy-spadla-sucasne-aj-dole-Suchym-zlebom-spod-Holeho-vrchu\/467398245.jpg\" src=\"data:image\/svg+xml,%3Csvg%20xmlns%3D%22http%3A%2F%2Fwww.w3.org%2F2000%2Fsvg%22%20width%3D%22560%22%20height%3D%22430%22%20viewBox%3D%220%200%20560%20430%22%3E%3C%2Fsvg%3E\" loading=\"eager\"><\/span><span class=\"fg-image-overlay\"><\/span><\/a><figcaption class=\"fg-caption\"><div class=\"fg-caption-inner\"><div class=\"fg-caption-title\">Polom po lavin\u011b v Such\u00e9m \u017elebu, 24. 3. 2011.<\/div><\/div><\/figcaption><\/figure><div class=\"fg-loader\"><\/div><\/div><div class=\"fg-item fg-type-image fg-idle\"><figure class=\"fg-item-inner\"><a href=\"https:\/\/rumex.mendelu.cz\/atlasposkozenidrevin\/wp-content\/uploads\/2024\/11\/007-2011-05-10-156-lavinami-zdevastovana-polana-Prostredne-v-Rackovej-doline.jpg\" data-caption-title=\"Polom po lavin\u011b v Ra\u010dkovej doline, 10. 5. 2011.\" data-attachment-id=\"4377\" data-type=\"image\" class=\"fg-thumb\"><span class=\"fg-image-wrap\"><img decoding=\"async\" title=\"Polom po lavin\u011b v Ra\u010dkovej doline, 10. 5. 2011.\" width=\"560\" height=\"430\" class=\"skip-lazy fg-image\" data-src-fg=\"https:\/\/rumex.mendelu.cz\/atlasposkozenidrevin\/wp-content\/uploads\/cache\/2024\/11\/007-2011-05-10-156-lavinami-zdevastovana-polana-Prostredne-v-Rackovej-doline\/2133443622.jpg\" src=\"data:image\/svg+xml,%3Csvg%20xmlns%3D%22http%3A%2F%2Fwww.w3.org%2F2000%2Fsvg%22%20width%3D%22560%22%20height%3D%22430%22%20viewBox%3D%220%200%20560%20430%22%3E%3C%2Fsvg%3E\" loading=\"eager\"><\/span><span class=\"fg-image-overlay\"><\/span><\/a><figcaption class=\"fg-caption\"><div class=\"fg-caption-inner\"><div class=\"fg-caption-title\">Polom po lavin\u011b v Ra\u010dkovej doline, 10. 5. 2011.<\/div><\/div><\/figcaption><\/figure><div class=\"fg-loader\"><\/div><\/div><\/div>\n\n\n\n<p><\/p>\n","protected":false},"excerpt":{"rendered":"<p>PO\u0160KOZOVAN\u00c9 D\u0158EVINY: v\u0161echny druhy d\u0159evin DEFINICE: Lavina je n\u00e1hl\u00e9 uvoln\u011bn\u00ed a n\u00e1sledn\u00fd rychl\u00fd sesuv sn\u011bhov\u00e9 [&hellip;]<\/p>\n","protected":false},"author":2,"featured_media":0,"parent":0,"menu_order":0,"comment_status":"closed","ping_status":"closed","template":"template-full-width.php","meta":{"footnotes":""},"class_list":["post-1319","page","type-page","status-publish","hentry"],"_links":{"self":[{"href":"https:\/\/rumex.mendelu.cz\/atlasposkozenidrevin\/index.php\/wp-json\/wp\/v2\/pages\/1319","targetHints":{"allow":["GET"]}}],"collection":[{"href":"https:\/\/rumex.mendelu.cz\/atlasposkozenidrevin\/index.php\/wp-json\/wp\/v2\/pages"}],"about":[{"href":"https:\/\/rumex.mendelu.cz\/atlasposkozenidrevin\/index.php\/wp-json\/wp\/v2\/types\/page"}],"author":[{"embeddable":true,"href":"https:\/\/rumex.mendelu.cz\/atlasposkozenidrevin\/index.php\/wp-json\/wp\/v2\/users\/2"}],"replies":[{"embeddable":true,"href":"https:\/\/rumex.mendelu.cz\/atlasposkozenidrevin\/index.php\/wp-json\/wp\/v2\/comments?post=1319"}],"version-history":[{"count":10,"href":"https:\/\/rumex.mendelu.cz\/atlasposkozenidrevin\/index.php\/wp-json\/wp\/v2\/pages\/1319\/revisions"}],"predecessor-version":[{"id":2536,"href":"https:\/\/rumex.mendelu.cz\/atlasposkozenidrevin\/index.php\/wp-json\/wp\/v2\/pages\/1319\/revisions\/2536"}],"wp:attachment":[{"href":"https:\/\/rumex.mendelu.cz\/atlasposkozenidrevin\/index.php\/wp-json\/wp\/v2\/media?parent=1319"}],"curies":[{"name":"wp","href":"https:\/\/api.w.org\/{rel}","templated":true}]}}